{"id":1973,"date":"2021-05-04T18:07:12","date_gmt":"2021-05-04T18:07:12","guid":{"rendered":"https:\/\/d2ia.fr\/team\/"},"modified":"2025-03-17T16:06:52","modified_gmt":"2025-03-17T16:06:52","slug":"team","status":"publish","type":"page","link":"https:\/\/d2ia.fr\/en\/team\/","title":{"rendered":"Team"},"content":{"rendered":"<p>[et_pb_section fb_built=&#8221;1&#8243; custom_padding_last_edited=&#8221;on|desktop&#8221; admin_label=&#8221;Header&#8221; _builder_version=&#8221;4.16&#8243; background_enable_image=&#8221;off&#8221; background_position=&#8221;top_right&#8221; custom_padding=&#8221;50px||0px||false|false&#8221; custom_padding_tablet=&#8221;140px|0px|50px|0px|false|false&#8221; custom_padding_phone=&#8221;120px|||&#8221; global_colors_info=&#8221;{}&#8221;][et_pb_row custom_padding_last_edited=&#8221;off|desktop&#8221; admin_label=&#8221;Hero Area&#8221; _builder_version=&#8221;4.16&#8243; custom_padding=&#8221;27px|0px|0px|0px&#8221; global_colors_info=&#8221;{}&#8221;][et_pb_column type=&#8221;4_4&#8243; _builder_version=&#8221;4.16&#8243; _module_preset=&#8221;default&#8221; global_colors_info=&#8221;{}&#8221;][et_pb_text _builder_version=&#8221;4.16&#8243; _module_preset=&#8221;default&#8221; text_font=&#8221;|600|||||||&#8221; text_text_color=&#8221;#848484&#8243; text_font_size=&#8221;14px&#8221; custom_margin=&#8221;||10px||false|false&#8221; custom_padding=&#8221;||||false|false&#8221; global_colors_info=&#8221;{}&#8221;]<\/p>\n<p>D2iA<\/p>\n<p>[\/et_pb_text][et_pb_divider color=&#8221;#700c17&#8243; divider_weight=&#8221;3px&#8221; _builder_version=&#8221;4.16&#8243; _module_preset=&#8221;default&#8221; width=&#8221;75px&#8221; custom_margin=&#8221;||10px||false|false&#8221; global_colors_info=&#8221;{}&#8221;][\/et_pb_divider][et_pb_text admin_label=&#8221;Hero Title&#8221; _builder_version=&#8221;4.16&#8243; text_font=&#8221;Playfair Display||||||||&#8221; header_font=&#8221;|700|||||||&#8221; header_font_size=&#8221;43px&#8221; header_line_height=&#8221;1.1em&#8221; custom_margin=&#8221;||30px||false|false&#8221; custom_padding=&#8221;|||&#8221; animation_direction=&#8221;left&#8221; text_font_size_last_edited=&#8221;off|desktop&#8221; header_font_size_tablet=&#8221;&#8221; header_font_size_phone=&#8221;60px&#8221; header_font_size_last_edited=&#8221;on|desktop&#8221; global_colors_info=&#8221;{}&#8221;]<\/p>\n<h1>Team<\/h1>\n<p>[\/et_pb_text][\/et_pb_column][\/et_pb_row][et_pb_row column_structure=&#8221;1_3,1_3,1_3&#8243; _builder_version=&#8221;4.16&#8243; _module_preset=&#8221;default&#8221; width=&#8221;55%&#8221; custom_padding=&#8221;0px|||||&#8221; global_colors_info=&#8221;{}&#8221;][et_pb_column type=&#8221;1_3&#8243; _builder_version=&#8221;4.16&#8243; _module_preset=&#8221;default&#8221; global_colors_info=&#8221;{}&#8221;][et_pb_button button_text=&#8221;Permanent Members&#8221; button_alignment=&#8221;center&#8221; module_class=&#8221;rv_button0 closed&#8221; _builder_version=&#8221;4.16&#8243; _module_preset=&#8221;default&#8221; custom_button=&#8221;on&#8221; global_colors_info=&#8221;{}&#8221;][\/et_pb_button][\/et_pb_column][et_pb_column type=&#8221;1_3&#8243; _builder_version=&#8221;4.16&#8243; _module_preset=&#8221;default&#8221; global_colors_info=&#8221;{}&#8221;][et_pb_button button_text=&#8221;Doctorants\/ATER&#8221; button_alignment=&#8221;center&#8221; module_class=&#8221;rv_button1 closed&#8221; _builder_version=&#8221;4.27.4&#8243; _module_preset=&#8221;default&#8221; global_colors_info=&#8221;{}&#8221;][\/et_pb_button][\/et_pb_column][et_pb_column type=&#8221;1_3&#8243; _builder_version=&#8221;4.16&#8243; _module_preset=&#8221;default&#8221; global_colors_info=&#8221;{}&#8221;][et_pb_button button_text=&#8221;Associate Members&#8221; button_alignment=&#8221;center&#8221; module_class=&#8221;rv_button2 closed&#8221; _builder_version=&#8221;4.16&#8243; _module_preset=&#8221;default&#8221; global_colors_info=&#8221;{}&#8221;][\/et_pb_button][\/et_pb_column][\/et_pb_row][\/et_pb_section][et_pb_section fb_built=&#8221;1&#8243; custom_padding_last_edited=&#8221;on|desktop&#8221; admin_label=&#8221;Header&#8221; module_id=&#8221;reveal0&#8243; _builder_version=&#8221;4.16&#8243; background_enable_image=&#8221;off&#8221; background_position=&#8221;top_right&#8221; custom_padding=&#8221;0px||||false|false&#8221; custom_padding_tablet=&#8221;140px|0px|50px|0px|false|false&#8221; custom_padding_phone=&#8221;120px|||&#8221; global_colors_info=&#8221;{}&#8221;][et_pb_row column_structure=&#8221;1_2,1_2&#8243; _builder_version=&#8221;4.16&#8243; _module_preset=&#8221;default&#8221; max_width=&#8221;80%&#8221; module_alignment=&#8221;center&#8221; custom_margin=&#8221;||0px||false|false&#8221; custom_padding=&#8221;10px||0px||false|false&#8221; border_color_right=&#8221;#c16632&#8243; border_color_bottom=&#8221;#c16632&#8243; global_colors_info=&#8221;{}&#8221;][et_pb_column type=&#8221;1_2&#8243; _builder_version=&#8221;4.16&#8243; _module_preset=&#8221;default&#8221; border_color_right=&#8221;#c16632&#8243; border_color_bottom=&#8221;#c16632&#8243; global_colors_info=&#8221;{}&#8221;][et_pb_text _builder_version=&#8221;4.16&#8243; _module_preset=&#8221;default&#8221; header_2_font=&#8221;|800|||||||&#8221; custom_margin=&#8221;||10px||false|false&#8221; global_colors_info=&#8221;{}&#8221;]<\/p>\n<h2>Permanent Members<\/h2>\n<p>[\/et_pb_text][et_pb_divider color=&#8221;#700c17&#8243; divider_weight=&#8221;3px&#8221; _builder_version=&#8221;4.16&#8243; _module_preset=&#8221;default&#8221; width=&#8221;75px&#8221; custom_margin=&#8221;||0px||false|false&#8221; custom_padding=&#8221;||0px||false|false&#8221; global_colors_info=&#8221;{}&#8221;][\/et_pb_divider][\/et_pb_column][et_pb_column type=&#8221;1_2&#8243; _builder_version=&#8221;4.16&#8243; _module_preset=&#8221;default&#8221; border_color_right=&#8221;#c16632&#8243; border_color_bottom=&#8221;#c16632&#8243; global_colors_info=&#8221;{}&#8221;][\/et_pb_column][\/et_pb_row][et_pb_row column_structure=&#8221;1_2,1_2&#8243; _builder_version=&#8221;4.16&#8243; _module_preset=&#8221;default&#8221; max_width=&#8221;80%&#8221; module_alignment=&#8221;center&#8221; custom_padding=&#8221;20px||20px||true|false&#8221; border_color_right=&#8221;#c16632&#8243; border_color_bottom=&#8221;#c16632&#8243; global_colors_info=&#8221;{}&#8221;][et_pb_column type=&#8221;1_2&#8243; _builder_version=&#8221;4.16&#8243; _module_preset=&#8221;default&#8221; border_color_right=&#8221;#c16632&#8243; border_color_bottom=&#8221;#c16632&#8243; global_colors_info=&#8221;{}&#8221;][et_pb_text _builder_version=&#8221;4.16&#8243; _module_preset=&#8221;default&#8221; custom_margin=&#8221;||0px||false|false&#8221; custom_padding=&#8221;||0px||false|false&#8221; border_color_bottom=&#8221;#cccccc&#8221; global_colors_info=&#8221;{}&#8221;]<\/p>\n<p class=\"contact\"><span style=\"color: #700c17; font-size: 21px;\"><strong>Bai Zhimin<\/strong><\/span><br \/><span class=\"titre\" style=\"color: #777777;\">Associate Professor, La Rochelle Universit\u00e9<\/span><br \/>Contact(s) : <a href=\"mailto:zhimin.bai@univ-lr.fr\">zhimin.bai@univ-lr.fr<\/a><\/p>\n<p><b>Keywords <\/b>: diaspora, cultures in movement, Jesuits in China<br \/><strong>Geographic zone<\/strong> : China<br \/><strong>Discipline<\/strong> : sinology<br \/><strong>Research Axes<\/strong> :<br \/><strong>D2iA project(s)<\/strong> :\u00a0<\/p>\n<p>[\/et_pb_text][\/et_pb_column][et_pb_column type=&#8221;1_2&#8243; _builder_version=&#8221;4.16&#8243; _module_preset=&#8221;default&#8221; border_color_right=&#8221;#c16632&#8243; border_color_bottom=&#8221;#c16632&#8243; global_colors_info=&#8221;{}&#8221;][et_pb_text _builder_version=&#8221;4.16&#8243; _module_preset=&#8221;default&#8221; custom_margin=&#8221;||0px||false|false&#8221; custom_padding=&#8221;||0px||false|false&#8221; border_color_bottom=&#8221;#cccccc&#8221; global_colors_info=&#8221;{}&#8221;]<\/p>\n<p class=\"contact\"><span style=\"color: #700c17; font-size: 21px;\"><strong>Bellocq Maylis<\/strong><\/span><br \/><span class=\"titre\" style=\"color: #777777;\">Associate Professor, Universit\u00e9 Bordeaux Montaigne<\/span><br \/>Contact(s) : <a href=\"mailto:maylis.bellocq@u-bordeaux-montaigne.fr\">maylis.bellocq@u-bordeaux-montaigne.fr<\/a><\/p>\n<p><b>Keywords <\/b>: Memory, cultural heritage, tourism, funerary rites, Shanghai<br \/><strong>Geographic zone<\/strong> : China <br \/><strong>Discipline<\/strong> : Urban anthropology, ethnology <br \/><strong>Research Axes<\/strong> : Heritage and tourism policies; tourism practices; funerary practices and spaces; urban ethnology<br \/><strong>D2iA project(s)<\/strong> :\u00a0<\/p>\n<p>[\/et_pb_text][\/et_pb_column][\/et_pb_row][et_pb_row column_structure=&#8221;1_2,1_2&#8243; _builder_version=&#8221;4.16&#8243; _module_preset=&#8221;default&#8221; max_width=&#8221;80%&#8221; module_alignment=&#8221;center&#8221; custom_padding=&#8221;20px||20px||true|false&#8221; border_color_right=&#8221;#c16632&#8243; border_color_bottom=&#8221;#c16632&#8243; global_colors_info=&#8221;{}&#8221;][et_pb_column type=&#8221;1_2&#8243; _builder_version=&#8221;4.16&#8243; _module_preset=&#8221;default&#8221; border_color_right=&#8221;#c16632&#8243; border_color_bottom=&#8221;#c16632&#8243; global_colors_info=&#8221;{}&#8221;][et_pb_text _builder_version=&#8221;4.21.0&#8243; _module_preset=&#8221;default&#8221; custom_margin=&#8221;||0px||false|false&#8221; custom_padding=&#8221;||0px||false|false&#8221; border_color_bottom=&#8221;#cccccc&#8221; global_colors_info=&#8221;{}&#8221;]<\/p>\n<p class=\"contact\"><span style=\"color: #700c17; font-size: 21px;\"><strong>Castets R\u00e9mi<\/strong><\/span><br \/><span class=\"titre\" style=\"color: #777777;\">Associate Professor, Universit\u00e9 Bordeaux Montaigne<\/span><br \/>Contact(s) : <a class=\"waffle-rich-text-link\" href=\"mailto:remi.castets@u-bordeaux-montaigne.fr\">remi.castets@u-bordeaux-montaigne.fr<\/a><\/p>\n<p><b>Keywords <\/b>: Chinese Politics, Xinjiang, Uyghurs, Islam, ideological representations, Belt and Road initiative<br \/><strong>Geographic zone<\/strong> : China <br \/><strong>Discipline<\/strong> : Political science, geopolitics, political anthropology <br \/><strong>Research Axes<\/strong> : Uyghur issue; Islam and politics in China; Uyghur jihadism; Belt and Road Initiative.<br \/><strong>D2iA project(s)<\/strong> :\u00a0(New) Silk Roads and Asian influence, Diasporas and circulations, Circulations of ideas in Asia, Social and political representations<br \/><strong>Publications<\/strong> : <a href=\"https:\/\/d2ia.fr\/wp-content\/uploads\/2022\/01\/castets-publications.pdf\">PDF<\/a><\/p>\n<p><a href=\"https:\/\/hal.archives-ouvertes.fr\/search\/index\/q\/*\/authFullName_s\/R%C3%A9mi+Castets\"><img loading=\"lazy\" decoding=\"async\" class=\"wp-image-476 alignnone size-medium\" src=\"https:\/\/d2ia.fr\/wp-content\/uploads\/2021\/07\/hal2jpeg-300x300.jpeg\" alt=\"\" width=\"40\" height=\"40\" \/><\/a> <a href=\"https:\/\/orcid.org\/0000-0002-2224-8061\"><img loading=\"lazy\" decoding=\"async\" class=\"wp-image-475 alignnone size-medium\" src=\"https:\/\/d2ia.fr\/wp-content\/uploads\/2021\/07\/768px-ORCID_iD.svg_-300x300.png\" alt=\"\" width=\"40\" height=\"40\" \/><\/a> <a href=\"https:\/\/u-bordeaux3.academia.edu\/R%C3%A9miCastets\"><img loading=\"lazy\" decoding=\"async\" class=\"wp-image-1046 alignnone size-full\" src=\"https:\/\/d2ia.fr\/wp-content\/uploads\/2022\/01\/Academia.jpg\" alt=\"\" width=\"40\" height=\"40\" srcset=\"https:\/\/d2ia.fr\/wp-content\/uploads\/2022\/01\/Academia.jpg 218w, https:\/\/d2ia.fr\/wp-content\/uploads\/2022\/01\/Academia-150x150.jpg 150w\" sizes=\"(max-width: 40px) 100vw, 40px\" \/><\/a> <a href=\"https:\/\/www.researchgate.net\/profile\/Remi-Castets\"><img loading=\"lazy\" decoding=\"async\" class=\"wp-image-1045 alignnone size-medium\" src=\"https:\/\/d2ia.fr\/wp-content\/uploads\/2022\/01\/Researchgate-300x300.jpg\" alt=\"\" width=\"40\" height=\"40\" srcset=\"https:\/\/d2ia.fr\/wp-content\/uploads\/2022\/01\/Researchgate-300x300.jpg 300w, https:\/\/d2ia.fr\/wp-content\/uploads\/2022\/01\/Researchgate-150x150.jpg 150w, https:\/\/d2ia.fr\/wp-content\/uploads\/2022\/01\/Researchgate.jpg 392w\" sizes=\"(max-width: 40px) 100vw, 40px\" \/><\/a> <a href=\"https:\/\/www.linkedin.com\/in\/r%C3%A9mi-castets-48530661\/?originalSubdomain=fr\"><img loading=\"lazy\" decoding=\"async\" class=\"wp-image-1044 alignnone size-medium\" src=\"https:\/\/d2ia.fr\/wp-content\/uploads\/2022\/01\/Linkedin-300x300.jpg\" alt=\"\" width=\"40\" height=\"40\" \/><\/a> <a href=\"https:\/\/extranet.u-bordeaux-montaigne.fr\/annuaire\/liste_individus.php?directUid=rcastets\"><img loading=\"lazy\" decoding=\"async\" class=\"wp-image-1043 alignnone size-medium\" src=\"https:\/\/d2ia.fr\/wp-content\/uploads\/2022\/01\/Website-300x300.jpg\" alt=\"\" width=\"40\" height=\"40\" \/><\/a><\/p>\n<p>[\/et_pb_text][\/et_pb_column][et_pb_column type=&#8221;1_2&#8243; _builder_version=&#8221;4.16&#8243; _module_preset=&#8221;default&#8221; border_color_right=&#8221;#c16632&#8243; border_color_bottom=&#8221;#c16632&#8243; global_colors_info=&#8221;{}&#8221;][et_pb_text _builder_version=&#8221;4.16&#8243; _module_preset=&#8221;default&#8221; custom_margin=&#8221;||0px||false|false&#8221; custom_padding=&#8221;||0px||false|false&#8221; border_color_bottom=&#8221;#cccccc&#8221; global_colors_info=&#8221;{}&#8221;]<\/p>\n<p class=\"contact\"><span style=\"color: #700c17; font-size: 21px;\"><strong>Chae-Duporge Okyang<\/strong><\/span><br \/><span class=\"titre\" style=\"color: #777777;\">Associate professor, Universit\u00e9 Bordeaux Montaigne<\/span><br \/>Contact(s) : <a href=\"mailto:okyang.chae@u-bordeaux-montaigne.fr\">okyang.chae@u-bordeaux-montaigne.fr<\/a><\/p>\n<p><b>Keywords <\/b>: Buddhist art, Seokguram, Korean decorative painting, Minhwa, contemporary Korean art, Dansaekhwa<br \/><strong>Geographic zone<\/strong> : Korea <br \/><strong>Discipline<\/strong> : Art history <br \/><strong>Research Axes<\/strong> : Art and heritage<br \/><strong>D2iA project(s)<\/strong> :\u00a0<\/p>\n<p><a href=\"https:\/\/hal.archives-ouvertes.fr\/search\/index?q=Okyang+Chae-Duporge\"><img loading=\"lazy\" decoding=\"async\" class=\"wp-image-476 alignnone size-medium\" src=\"https:\/\/d2ia.fr\/wp-content\/uploads\/2021\/07\/hal2jpeg-300x300.jpeg\" alt=\"\" width=\"40\" height=\"40\" \/><\/a><\/p>\n<p>[\/et_pb_text][\/et_pb_column][\/et_pb_row][et_pb_row column_structure=&#8221;1_2,1_2&#8243; _builder_version=&#8221;4.16&#8243; _module_preset=&#8221;default&#8221; max_width=&#8221;80%&#8221; module_alignment=&#8221;center&#8221; custom_padding=&#8221;20px||20px||true|false&#8221; border_color_right=&#8221;#c16632&#8243; border_color_bottom=&#8221;#c16632&#8243; global_colors_info=&#8221;{}&#8221;][et_pb_column type=&#8221;1_2&#8243; _builder_version=&#8221;4.16&#8243; _module_preset=&#8221;default&#8221; border_color_right=&#8221;#c16632&#8243; border_color_bottom=&#8221;#c16632&#8243; global_colors_info=&#8221;{}&#8221;][et_pb_text _builder_version=&#8221;4.16&#8243; _module_preset=&#8221;default&#8221; custom_margin=&#8221;||0px||false|false&#8221; custom_padding=&#8221;||0px||false|false&#8221; border_color_bottom=&#8221;#cccccc&#8221; global_colors_info=&#8221;{}&#8221;]<\/p>\n<p class=\"contact\"><span style=\"color: #700c17; font-size: 21px;\"><strong>Ch\u00e9rel-Riquier Evelyne<\/strong><\/span><br \/><span class=\"titre\" style=\"color: #777777;\">Associate Professor, La Rochelle Universit\u00e9<\/span><br \/>Contact(s) : <a href=\"mailto:evelyne.cherel-riquier@univ-lr.fr\">evelyne.cherel-riquier@univ-lr.fr<\/a><\/p>\n<p><b>Keywords <\/b>: Relations between politics and religion, Catholic Church on the Korean peninsula, representations of the Other, Korean language<br \/><strong>Geographic zone<\/strong> : Korea(s)<br \/><strong>Discipline<\/strong> : Contemporary history of Korea<br \/><strong>Research Axes<\/strong> : Religious issues in the Korean peninsula, relations between North and South Korea, places of memory, discourse analysis<br \/><strong>D2iA project(s)<\/strong> :\u00a0<\/p>\n<p>&nbsp;<\/p>\n<p>[\/et_pb_text][\/et_pb_column][et_pb_column type=&#8221;1_2&#8243; _builder_version=&#8221;4.16&#8243; _module_preset=&#8221;default&#8221; border_color_right=&#8221;#c16632&#8243; border_color_bottom=&#8221;#c16632&#8243; global_colors_info=&#8221;{}&#8221;][et_pb_text _builder_version=&#8221;4.16&#8243; _module_preset=&#8221;default&#8221; custom_margin=&#8221;||0px||false|false&#8221; custom_padding=&#8221;||0px||false|false&#8221; border_color_bottom=&#8221;#cccccc&#8221; global_colors_info=&#8221;{}&#8221;]<\/p>\n<p class=\"contact\"><span style=\"color: #700c17; font-size: 21px;\"><strong>Chircop-Reyes Laurent<\/strong><\/span><br \/><span class=\"titre\" style=\"color: #777777;\">MCF, Universit\u00e9 Bordeaux Montaigne<\/span><br \/>Contact(s) : <a href=\"laurent.chircop-reyes@u-bordeaux-montaigne.fr\">laurent.chircop-reyes@u-bordeaux-montaigne.fr<\/a><\/p>\n<p><b>Mots-cl\u00e9s <\/b>: Mobilit\u00e9 humaine ; monde marchand ; brigandage ; fait religieux ; techniques du corps ; martialit\u00e9 <br \/><strong>Aire g\u00e9ographique<\/strong> : Chine<br \/><strong>Disciplines<\/strong> : Anthropologie historique de la Chine, histoire sociale, ethnohistoire <br \/><strong>Axes de recherches<\/strong> : Circulations aux marges de l&#8217;empire chinois ; savoirs, m\u00e9tiers et communaut\u00e9s du monde marchand ; brigandage ; pratiques et organisation sociale du commerce caravanier ; religions et pens\u00e9e chinoises ; initiations rituelles et martiales <br \/><strong>Projet(s) D2iA<\/strong> :<\/p>\n<p><a href=\"https:\/\/cv.hal.science\/laurent-chircop-reyes\"><img loading=\"lazy\" decoding=\"async\" class=\"wp-image-476 alignnone size-medium\" src=\"https:\/\/d2ia.fr\/wp-content\/uploads\/2021\/07\/hal2jpeg-300x300.jpeg\" alt=\"\" width=\"40\" height=\"40\" \/><\/a><\/p>\n<p>[\/et_pb_text][\/et_pb_column][\/et_pb_row][et_pb_row column_structure=&#8221;1_2,1_2&#8243; _builder_version=&#8221;4.16&#8243; _module_preset=&#8221;default&#8221; max_width=&#8221;80%&#8221; module_alignment=&#8221;center&#8221; custom_padding=&#8221;20px||20px||true|false&#8221; border_color_right=&#8221;#c16632&#8243; border_color_bottom=&#8221;#c16632&#8243; global_colors_info=&#8221;{}&#8221;][et_pb_column type=&#8221;1_2&#8243; _builder_version=&#8221;4.16&#8243; _module_preset=&#8221;default&#8221; border_color_right=&#8221;#c16632&#8243; border_color_bottom=&#8221;#c16632&#8243; global_colors_info=&#8221;{}&#8221;][et_pb_text _builder_version=&#8221;4.16&#8243; _module_preset=&#8221;default&#8221; custom_margin=&#8221;||0px||false|false&#8221; custom_padding=&#8221;||0px||false|false&#8221; border_color_bottom=&#8221;#cccccc&#8221; global_colors_info=&#8221;{}&#8221;]<\/p>\n<p class=\"contact\"><span style=\"color: #700c17; font-size: 21px;\"><strong>Corral Jeremy<\/strong><\/span><br \/><span class=\"titre\" style=\"color: #777777;\">MCF, Universit\u00e9 Bordeaux Montaigne<\/span><br \/>Contact(s) : <a href=\"mailto:jeremy.corral@u-bordeaux-montaigne.fr\">jeremy.corral@u-bordeaux-montaigne.fr<\/a><\/p>\n<p><b>Mots-cl\u00e9s <\/b>: Musique, culture sonore, interculturalit\u00e9, circulation des id\u00e9es, circulation des techniques<br \/><strong>Aire g\u00e9ographique<\/strong> : Japon<br \/><strong>Disciplines<\/strong> : Histoire de la musique contemporaine, histoire culturelle contemporaine, \u00e9tudes sonores<br \/><strong>Axes de recherches<\/strong> : Translation des id\u00e9es et des techniques relatives \u00e0 la musique exp\u00e9rimentale ; Repr\u00e9sentations li\u00e9es \u00e0 la diffusion et la consommation du son \u00e9lectronique ; Expression sonore des identit\u00e9s culturelles<br \/><strong>Projet(s) D2iA<\/strong> : (Nouvelles) routes de la soie et rayonnement asiatiques, Repr\u00e9sentations sociales et politiques, D&#8217;un espace \u00e0 l&#8217;autre : translation des pratiques et des objets artistiques<\/p>\n<p>&nbsp;<\/p>\n<p>[\/et_pb_text][\/et_pb_column][et_pb_column type=&#8221;1_2&#8243; _builder_version=&#8221;4.16&#8243; _module_preset=&#8221;default&#8221; border_color_right=&#8221;#c16632&#8243; border_color_bottom=&#8221;#c16632&#8243; global_colors_info=&#8221;{}&#8221;][et_pb_text _builder_version=&#8221;4.16&#8243; _module_preset=&#8221;default&#8221; custom_margin=&#8221;||0px||false|false&#8221; custom_padding=&#8221;||0px||false|false&#8221; border_color_bottom=&#8221;#cccccc&#8221; global_colors_info=&#8221;{}&#8221;]<\/p>\n<p class=\"contact\"><span style=\"color: #700c17; font-size: 21px;\"><strong>Couralet St\u00e9phane<\/strong><\/span><br \/><span class=\"titre\" style=\"color: #777777;\">MCF, Universit\u00e9 Bordeaux Montaigne<\/span><br \/>Contact(s) : <a href=\"mailto:stephane.couralet@u-bordeaux-montaigne.fr\">stephane.couralet@u-bordeaux-montaigne.fr<\/a><\/p>\n<p><b>Mots-cl\u00e9s <\/b>: Linguistique cor\u00e9enne, temps, aspect, modalit\u00e9, \u00e9videntialit\u00e9\/m\u00e9diativit\u00e9, personne, \u00e9nonciation, subjectivit\u00e9, pluralit\u00e9, classificateurs<br \/><strong>Aire g\u00e9ographique<\/strong> : Cor\u00e9e<br \/><strong>Disciplines<\/strong> : Linguistique<br \/><strong>Axes de recherches<\/strong> : Langues et Discours<br \/><strong>Projet(s) D2iA<\/strong> : S\u00e9mantique \u00e9nonciative<\/p>\n<p><a href=\"https:\/\/hal.archives-ouvertes.fr\/search\/index\/?q=st%C3%A9phane+couralet&amp;submit=&amp;docType_s%5B%5D=ART&amp;docType_s%5B%5D=COMM&amp;docType_s%5B%5D=OUV&amp;docType_s%5B%5D=COUV&amp;docType_s%5B%5D=DOUV&amp;docType_s%5B%5D=OTHER&amp;docType_s%5B%5D=UNDEFINED&amp;docType_s%5B%5D=REPORT&amp;docType_s%5B%5D=THESE&amp;docType_s%5B%5D=HDR&amp;docType_s%5B%5D=LECTURE\"><img loading=\"lazy\" decoding=\"async\" class=\"wp-image-476 alignnone size-medium\" src=\"https:\/\/d2ia.fr\/wp-content\/uploads\/2021\/07\/hal2jpeg-300x300.jpeg\" alt=\"\" width=\"40\" height=\"40\" \/><\/a> <a href=\"https:\/\/orcid.org\/0000-0001-7256-5519\"><img loading=\"lazy\" decoding=\"async\" class=\"wp-image-475 alignnone size-medium\" src=\"https:\/\/d2ia.fr\/wp-content\/uploads\/2021\/07\/768px-ORCID_iD.svg_-300x300.png\" alt=\"\" width=\"40\" height=\"40\" \/><\/a><\/p>\n<p>[\/et_pb_text][\/et_pb_column][\/et_pb_row][et_pb_row column_structure=&#8221;1_2,1_2&#8243; _builder_version=&#8221;4.16&#8243; _module_preset=&#8221;default&#8221; max_width=&#8221;80%&#8221; module_alignment=&#8221;center&#8221; custom_padding=&#8221;20px||20px||true|false&#8221; border_color_right=&#8221;#c16632&#8243; border_color_bottom=&#8221;#c16632&#8243; global_colors_info=&#8221;{}&#8221;][et_pb_column type=&#8221;1_2&#8243; _builder_version=&#8221;4.16&#8243; _module_preset=&#8221;default&#8221; border_color_right=&#8221;#c16632&#8243; border_color_bottom=&#8221;#c16632&#8243; global_colors_info=&#8221;{}&#8221;][et_pb_text _builder_version=&#8221;4.16&#8243; _module_preset=&#8221;default&#8221; custom_margin=&#8221;||0px||false|false&#8221; custom_padding=&#8221;||0px||false|false&#8221; border_color_bottom=&#8221;#cccccc&#8221; global_colors_info=&#8221;{}&#8221;]<\/p>\n<p class=\"contact\"><span style=\"color: #700c17; font-size: 21px;\"><strong>De Bruyn Pierre-Henry<\/strong><\/span><br \/><span class=\"titre\" style=\"color: #777777;\">Associate Professor, La Rochelle Universit\u00e9<\/span><br \/>Contact(s) : <a href=\"mailto:pierre-henry.de-bruyn@univ-lr.fr\">pierre-henry.de-bruyn@univ-lr.fr<\/a><\/p>\n<p><b>Keywords <\/b>: Taoism, HyperPinyin Alphabet<br \/><strong>Geographic zone<\/strong> : China<br \/><strong>Discipline<\/strong> : Chinese culture, language and writing<br \/><strong>Research Axes<\/strong> : HYPA project: innovative tools for language teaching<br \/><strong>D2iA project(s)<\/strong> :\u00a0<\/p>\n<p><a href=\"https:\/\/orcid.org\/0000-0002-2112-9394\"><img loading=\"lazy\" decoding=\"async\" class=\"wp-image-475 alignnone size-medium\" src=\"https:\/\/d2ia.fr\/wp-content\/uploads\/2021\/07\/768px-ORCID_iD.svg_-300x300.png\" alt=\"\" width=\"40\" height=\"40\" \/><\/a><\/p>\n<p>[\/et_pb_text][\/et_pb_column][et_pb_column type=&#8221;1_2&#8243; _builder_version=&#8221;4.16&#8243; _module_preset=&#8221;default&#8221; border_color_right=&#8221;#c16632&#8243; border_color_bottom=&#8221;#c16632&#8243; global_colors_info=&#8221;{}&#8221;][et_pb_text _builder_version=&#8221;4.16&#8243; _module_preset=&#8221;default&#8221; custom_margin=&#8221;||0px||false|false&#8221; custom_padding=&#8221;||0px||false|false&#8221; border_color_bottom=&#8221;#cccccc&#8221; global_colors_info=&#8221;{}&#8221;]<\/p>\n<p class=\"contact\"><span style=\"color: #700c17; font-size: 21px;\"><strong>Dufourmont Eddy<\/strong><\/span><br \/><span class=\"titre\" style=\"color: #777777;\">Professor, Universit\u00e9 Bordeaux Montaigne<\/span><br \/>Contact(s) : <a href=\"mailto:eddy.dufourmont@u-bordeaux-montaigne.fr\">eddy.dufourmont@u-bordeaux-montaigne.fr<\/a><\/p>\n<p><b>Keywords <\/b>: Translation of political philosophy in Japan, democracy, conservatism, Confucianism, religious history of modern Japan<br \/><strong>Geographic zone<\/strong> : Japan<br \/><strong>Discipline<\/strong> : Intellectual and political history of modern and contemporary Japan<br \/><strong>Research Axes<\/strong> : Circulation of ideas in Asia<br \/><strong>D2iA project(s)<\/strong> :\u00a0<\/p>\n<p><a href=\"https:\/\/hal.archives-ouvertes.fr\/search\/index\/q\/*\/authFullName_s\/Eddy+Dufourmont\"><img loading=\"lazy\" decoding=\"async\" class=\"wp-image-476 alignnone size-medium\" src=\"https:\/\/d2ia.fr\/wp-content\/uploads\/2021\/07\/hal2jpeg-300x300.jpeg\" alt=\"\" width=\"40\" height=\"40\" \/><\/a> <a href=\"https:\/\/u-bordeaux-montaigne.academia.edu\/eddydufourmont\"><img loading=\"lazy\" decoding=\"async\" class=\"wp-image-1046 alignnone size-full\" src=\"https:\/\/d2ia.fr\/wp-content\/uploads\/2022\/01\/Academia.jpg\" alt=\"\" width=\"40\" height=\"40\" srcset=\"https:\/\/d2ia.fr\/wp-content\/uploads\/2022\/01\/Academia.jpg 218w, https:\/\/d2ia.fr\/wp-content\/uploads\/2022\/01\/Academia-150x150.jpg 150w\" sizes=\"(max-width: 40px) 100vw, 40px\" \/><\/a><\/p>\n<p>[\/et_pb_text][\/et_pb_column][\/et_pb_row][et_pb_row column_structure=&#8221;1_2,1_2&#8243; _builder_version=&#8221;4.16&#8243; _module_preset=&#8221;default&#8221; max_width=&#8221;80%&#8221; module_alignment=&#8221;center&#8221; custom_padding=&#8221;20px||20px||true|false&#8221; border_color_right=&#8221;#c16632&#8243; border_color_bottom=&#8221;#c16632&#8243; global_colors_info=&#8221;{}&#8221;][et_pb_column type=&#8221;1_2&#8243; _builder_version=&#8221;4.16&#8243; _module_preset=&#8221;default&#8221; border_color_right=&#8221;#c16632&#8243; border_color_bottom=&#8221;#c16632&#8243; global_colors_info=&#8221;{}&#8221;][et_pb_text _builder_version=&#8221;4.16&#8243; _module_preset=&#8221;default&#8221; custom_margin=&#8221;||0px||false|false&#8221; custom_padding=&#8221;||0px||false|false&#8221; border_color_bottom=&#8221;#cccccc&#8221; global_colors_info=&#8221;{}&#8221;]<\/p>\n<p class=\"contact\"><span style=\"color: #700c17; font-size: 21px;\"><strong>Gossot Anne<\/strong><\/span><br \/><span class=\"titre\" style=\"color: #777777;\">Professor Emerita, Universit\u00e9 Bordeaux Montaigne<\/span><br \/>Contact(s) : <a href=\"mailto:anne.gossot@u-bordeaux-montaigne.fr\">anne.gossot@u-bordeaux-montaigne.fr<\/a><\/p>\n<p><b>Keywords <\/b>: Domestic interior design, civil housing, early industrialization of consumer products<br \/><strong>Geographic zone<\/strong> : Japan<br \/><strong>Discipline<\/strong> : Material and visual culture of modern Japan<br \/><strong>Research Axes<\/strong> : Modernization process of civil housing, domestic interior design, school furniture; early industrialization of consumer products<br \/><strong>D2iA project(s)<\/strong> :\u00a0From one space to another: translations of artistic practices and objects<\/p>\n<p><a href=\"https:\/\/hal.archives-ouvertes.fr\/search\/index\/q\/*\/authFullName_s\/Anne+Gossot\"><img loading=\"lazy\" decoding=\"async\" class=\"wp-image-476 alignnone size-medium\" src=\"https:\/\/d2ia.fr\/wp-content\/uploads\/2021\/07\/hal2jpeg-300x300.jpeg\" alt=\"\" width=\"40\" height=\"40\" \/><\/a><\/p>\n<p>[\/et_pb_text][\/et_pb_column][et_pb_column type=&#8221;1_2&#8243; _builder_version=&#8221;4.16&#8243; _module_preset=&#8221;default&#8221; border_color_right=&#8221;#c16632&#8243; border_color_bottom=&#8221;#c16632&#8243; global_colors_info=&#8221;{}&#8221;][et_pb_text _builder_version=&#8221;4.16&#8243; _module_preset=&#8221;default&#8221; custom_margin=&#8221;||0px||false|false&#8221; custom_padding=&#8221;||0px||false|false&#8221; border_color_bottom=&#8221;#cccccc&#8221; global_colors_info=&#8221;{}&#8221;]<\/p>\n<p class=\"contact\"><span style=\"color: #700c17; font-size: 21px;\"><strong>Greni\u00e9 Michel<\/strong><\/span><br \/><span class=\"titre\" style=\"color: #777777;\">Associate Professor, La Rochelle Universit\u00e9<\/span><br \/>Contact(s) : <a href=\"mailto:michel.grenie@univ-lr.fr\">michel.grenie@univ-lr.fr<\/a><\/p>\n<p><b>Keywords <\/b>: <br \/><strong>Geographic zone<\/strong> : China<br \/><strong>Discipline<\/strong> : Linguistic<br \/><strong>Research Axes<\/strong> :<br \/><strong>D2iA project(s)<\/strong> :\u00a0<\/p>\n<p>&nbsp;<\/p>\n<p>[\/et_pb_text][\/et_pb_column][\/et_pb_row][et_pb_row column_structure=&#8221;1_2,1_2&#8243; _builder_version=&#8221;4.16&#8243; _module_preset=&#8221;default&#8221; max_width=&#8221;80%&#8221; module_alignment=&#8221;center&#8221; custom_padding=&#8221;20px||20px||true|false&#8221; border_color_right=&#8221;#c16632&#8243; border_color_bottom=&#8221;#c16632&#8243; global_colors_info=&#8221;{}&#8221;][et_pb_column type=&#8221;1_2&#8243; _builder_version=&#8221;4.16&#8243; _module_preset=&#8221;default&#8221; border_color_right=&#8221;#c16632&#8243; border_color_bottom=&#8221;#c16632&#8243; global_colors_info=&#8221;{}&#8221;][et_pb_text _builder_version=&#8221;4.16&#8243; _module_preset=&#8221;default&#8221; custom_margin=&#8221;||0px||false|false&#8221; custom_padding=&#8221;||0px||false|false&#8221; border_color_bottom=&#8221;#cccccc&#8221; global_colors_info=&#8221;{}&#8221;]<\/p>\n<p class=\"contact\"><span style=\"color: #700c17; font-size: 21px;\"><strong>Hong Sora<\/strong><\/span><br \/><span class=\"titre\" style=\"color: #777777;\">Associate Professor, La Rochelle Universit\u00e9<\/span><br \/>Contact(s) : <a href=\"mailto:sora.hong@univ-lr.fr\">sora.hong@univ-lr.fr, sora.marion.hong@gmail.com<\/a><\/p>\n<p><b>Keywords <\/b>: Cultural legitimation, cinephilia, women\u2019s issues<br \/><strong>Geographic zone<\/strong> : South Korea<br \/><strong>Discipline<\/strong> : History and civilizations<br \/><strong>Research Axes<\/strong> : History of South Korean cinephilia, Women in South Korean cinema, New spaces for criticism<br \/><strong>D2iA project(s)<\/strong> :\u00a0From one space to another: translations of artistic practices and objects<\/p>\n<p><a href=\"https:\/\/hal.archives-ouvertes.fr\/search\/index\/?q=%2A&amp;authFullName_s=Sora+Hong\"><img loading=\"lazy\" decoding=\"async\" class=\"wp-image-476 alignnone size-medium\" src=\"https:\/\/d2ia.fr\/wp-content\/uploads\/2021\/07\/hal2jpeg-300x300.jpeg\" alt=\"\" width=\"40\" height=\"40\" \/><\/a> <a href=\"https:\/\/sites.google.com\/view\/hongsora\/\"><img loading=\"lazy\" decoding=\"async\" class=\"wp-image-1043 alignnone size-medium\" src=\"https:\/\/d2ia.fr\/wp-content\/uploads\/2022\/01\/Website-300x300.jpg\" alt=\"\" width=\"40\" height=\"40\" \/><\/a><\/p>\n<p>[\/et_pb_text][\/et_pb_column][et_pb_column type=&#8221;1_2&#8243; _builder_version=&#8221;4.16&#8243; _module_preset=&#8221;default&#8221; border_color_right=&#8221;#c16632&#8243; border_color_bottom=&#8221;#c16632&#8243; global_colors_info=&#8221;{}&#8221;][et_pb_text _builder_version=&#8221;4.16&#8243; _module_preset=&#8221;default&#8221; custom_margin=&#8221;||0px||false|false&#8221; custom_padding=&#8221;||0px||false|false&#8221; border_color_bottom=&#8221;#cccccc&#8221; global_colors_info=&#8221;{}&#8221;]<\/p>\n<p class=\"contact\"><span style=\"color: #700c17; font-size: 21px;\"><strong>Hu Xinyu<\/strong><\/span><br \/><span class=\"titre\" style=\"color: #777777;\">Certified teacher PHD, La Rochelle Universit\u00e9<\/span><br \/>Contact(s) : <a href=\"mailto:xinyu.hu@univ-lr.fr\">xinyu.hu@univ-lr.fr<\/a><\/p>\n<p><b>Keywords <\/b>: Modern and contemporary Chinese female identity, exoticism and otherness, interculturality<br \/><strong>Geographic zone<\/strong> : China<br \/><strong>Discipline<\/strong> : Comparative literature<br \/><strong>Research Axes<\/strong> : Experiences of otherness in Chinese travel literature<br \/><strong>D2iA project(s)<\/strong> :\u00a0<\/p>\n<p>&nbsp;<\/p>\n<p>[\/et_pb_text][\/et_pb_column][\/et_pb_row][et_pb_row column_structure=&#8221;1_2,1_2&#8243; _builder_version=&#8221;4.16&#8243; _module_preset=&#8221;default&#8221; max_width=&#8221;80%&#8221; module_alignment=&#8221;center&#8221; custom_padding=&#8221;20px||20px||true|false&#8221; border_color_right=&#8221;#c16632&#8243; border_color_bottom=&#8221;#c16632&#8243; global_colors_info=&#8221;{}&#8221;][et_pb_column type=&#8221;1_2&#8243; _builder_version=&#8221;4.16&#8243; _module_preset=&#8221;default&#8221; border_color_right=&#8221;#c16632&#8243; border_color_bottom=&#8221;#c16632&#8243; global_colors_info=&#8221;{}&#8221;][et_pb_text _builder_version=&#8221;4.16&#8243; _module_preset=&#8221;default&#8221; custom_margin=&#8221;||0px||false|false&#8221; custom_padding=&#8221;||0px||false|false&#8221; border_color_bottom=&#8221;#cccccc&#8221; global_colors_info=&#8221;{}&#8221;]<\/p>\n<p class=\"contact\"><span style=\"color: #700c17; font-size: 21px;\"><strong>Muller Guillaume<\/strong><\/span><br \/><span class=\"titre\" style=\"color: #777777;\">Associate Professor, Universit\u00e9 Bordeaux Montaigne<\/span><br \/>Contact(s) : <a href=\"mailto:guillaume.muller@u-bordeaux-montaigne.fr\">guillaume.muller@u-bordeaux-montaigne.fr<\/a><\/p>\n<p><b>Keywords <\/b>: War literature; literature of foreign lands; literary criticism<br \/><strong>Geographic zone<\/strong> : Japan<br \/><strong>Discipline<\/strong> : Literature, literary history, sociology of literature<br \/><strong>Research Axes<\/strong> : War literature and literature of the overseas territories in the 1930s-1940s; literary criticism in Japan<br \/><strong>D2iA project(s)<\/strong> :\u00a0From one space to another: translations of artistic practices and objects<br \/><strong>Publications<\/strong> : <a href=\"https:\/\/d2ia.fr\/wp-content\/uploads\/2022\/01\/muller-publications.pdf\">PDF<\/a><\/p>\n<p><a href=\"https:\/\/cv.archives-ouvertes.fr\/gmuller\"><img loading=\"lazy\" decoding=\"async\" class=\"wp-image-476 alignnone size-medium\" src=\"https:\/\/d2ia.fr\/wp-content\/uploads\/2021\/07\/hal2jpeg-300x300.jpeg\" alt=\"\" width=\"40\" height=\"40\" \/><\/a><\/p>\n<p>[\/et_pb_text][\/et_pb_column][et_pb_column type=&#8221;1_2&#8243; _builder_version=&#8221;4.16&#8243; _module_preset=&#8221;default&#8221; border_color_right=&#8221;#c16632&#8243; border_color_bottom=&#8221;#c16632&#8243; global_colors_info=&#8221;{}&#8221;][et_pb_text _builder_version=&#8221;4.16&#8243; _module_preset=&#8221;default&#8221; custom_margin=&#8221;||0px||false|false&#8221; custom_padding=&#8221;||0px||false|false&#8221; border_color_bottom=&#8221;#cccccc&#8221; global_colors_info=&#8221;{}&#8221;]<\/p>\n<p class=\"contact\"><span style=\"color: #700c17; font-size: 21px;\"><strong>Patole-Edoumba \u00c9lise<\/strong><\/span><br \/><span class=\"titre\" style=\"color: #777777;\">Chief Curator of Cultural Heritage<br \/>Director, Mus\u00e9es et Museum de la Rochelle<\/span><br \/>Contact(s) : <a href=\"mailto:elise.patole-edoumba@ville-larochelle.fr\">elise.patole-edoumba@ville-larochelle.fr<\/a><\/p>\n<p><b>Keywords <\/b>: Values and appropriations of Asia-Pacific cultural heritage<br \/><strong>Geographic zone<\/strong> : Vietnam, Laos, Indonesia, Melanesia and Polynesia<br \/><strong>Discipline<\/strong> : Ethno-archaeology<br \/><strong>Research Axes<\/strong> : Asia-Pacific material cultures. Translocation and circulation of heritage objects between Asia-Pacific and Europe. Processes of patrimonialization and museum reception<br \/><strong>D2iA project(s)<\/strong> :\u00a0<\/p>\n<p><a href=\"https:\/\/museum-larochelle.academia.edu\/elisepatoleedoumba\"><img loading=\"lazy\" decoding=\"async\" class=\"wp-image-1046 alignnone size-full\" src=\"https:\/\/d2ia.fr\/wp-content\/uploads\/2022\/01\/Academia.jpg\" alt=\"\" width=\"40\" height=\"40\" srcset=\"https:\/\/d2ia.fr\/wp-content\/uploads\/2022\/01\/Academia.jpg 218w, https:\/\/d2ia.fr\/wp-content\/uploads\/2022\/01\/Academia-150x150.jpg 150w\" sizes=\"(max-width: 40px) 100vw, 40px\" \/><\/a> <a href=\"https:\/\/www.researchgate.net\/profile\/Elise-Patole-Edoumba\"><img loading=\"lazy\" decoding=\"async\" class=\"wp-image-1045 alignnone size-medium\" src=\"https:\/\/d2ia.fr\/wp-content\/uploads\/2022\/01\/Researchgate-300x300.jpg\" alt=\"\" width=\"40\" height=\"40\" srcset=\"https:\/\/d2ia.fr\/wp-content\/uploads\/2022\/01\/Researchgate-300x300.jpg 300w, https:\/\/d2ia.fr\/wp-content\/uploads\/2022\/01\/Researchgate-150x150.jpg 150w, https:\/\/d2ia.fr\/wp-content\/uploads\/2022\/01\/Researchgate.jpg 392w\" sizes=\"(max-width: 40px) 100vw, 40px\" \/><\/a> <a href=\"https:\/\/www.linkedin.com\/in\/patole-edoumba-elise-27a54914b\/?originalSubdomain=fr\"><img loading=\"lazy\" decoding=\"async\" class=\"wp-image-1044 alignnone size-medium\" src=\"https:\/\/d2ia.fr\/wp-content\/uploads\/2022\/01\/Linkedin-300x300.jpg\" alt=\"\" width=\"40\" height=\"40\" \/><\/a><\/p>\n<p>[\/et_pb_text][\/et_pb_column][\/et_pb_row][et_pb_row column_structure=&#8221;1_2,1_2&#8243; _builder_version=&#8221;4.16&#8243; _module_preset=&#8221;default&#8221; max_width=&#8221;80%&#8221; module_alignment=&#8221;center&#8221; custom_padding=&#8221;20px||20px||true|false&#8221; border_color_right=&#8221;#c16632&#8243; border_color_bottom=&#8221;#c16632&#8243; global_colors_info=&#8221;{}&#8221;][et_pb_column type=&#8221;1_2&#8243; _builder_version=&#8221;4.16&#8243; _module_preset=&#8221;default&#8221; border_color_right=&#8221;#c16632&#8243; border_color_bottom=&#8221;#c16632&#8243; global_colors_info=&#8221;{}&#8221;][et_pb_text _builder_version=&#8221;4.16&#8243; _module_preset=&#8221;default&#8221; custom_margin=&#8221;||0px||false|false&#8221; custom_padding=&#8221;||0px||false|false&#8221; border_color_bottom=&#8221;#cccccc&#8221; global_colors_info=&#8221;{}&#8221;]<\/p>\n<p class=\"contact\"><span style=\"color: #700c17; font-size: 21px;\"><strong>Peladan Damien<\/strong><\/span><br \/><span class=\"titre\" style=\"color: #777777;\">Associate Professor, Universit\u00e9 Bordeaux Montaigne<\/span><br \/>Contact(s) : <a href=\"mailto:damien.peladan@u-bordeaux-montaigne.fr\">damien.peladan@u-bordeaux-montaigne.fr<\/a><\/p>\n<p><b>Keywords <\/b>: <br \/><strong>Geographic zone<\/strong> : Korea\/Japan\/China<br \/><strong>Discipline<\/strong> : Medieval history of East Asia<br \/><strong>Research Axes<\/strong> : Maritime history; history of economic and diplomatic exchanges in the Middle Ages; history of East Asian piracy in the Middle Ages<br \/><strong>D2iA project(s)<\/strong> :\u00a0<\/p>\n<p>[\/et_pb_text][\/et_pb_column][et_pb_column type=&#8221;1_2&#8243; _builder_version=&#8221;4.16&#8243; _module_preset=&#8221;default&#8221; border_color_right=&#8221;#c16632&#8243; border_color_bottom=&#8221;#c16632&#8243; global_colors_info=&#8221;{}&#8221;][et_pb_text _builder_version=&#8221;4.16&#8243; _module_preset=&#8221;default&#8221; custom_margin=&#8221;||0px||false|false&#8221; custom_padding=&#8221;||0px||false|false&#8221; border_color_bottom=&#8221;#cccccc&#8221; global_colors_info=&#8221;{}&#8221;]<\/p>\n<p class=\"contact\"><span style=\"color: #700c17; font-size: 21px;\"><strong>Raibaud Martine<\/strong><\/span><br \/><span class=\"titre\" style=\"color: #777777;\">Associate Professor, La Rochelle Universit\u00e9<\/span><br \/>Contact(s) : <a href=\"mailto:martine.raibaud@univ-lr.fr\">martine.raibaud@univ-lr.fr<\/a><\/p>\n<p><b>Keywords <\/b>: Diaspora, cultures in movement <br \/><strong>Geographic zone<\/strong> : China<br \/><strong>Discipline<\/strong> : Sinology<br \/><strong>Research Axes<\/strong> : History of Education in China, Chinese communities worldwide, cultural exchanges<br \/><strong>D2iA project(s)<\/strong> :\u00a0<\/p>\n<p>[\/et_pb_text][\/et_pb_column][\/et_pb_row][et_pb_row column_structure=&#8221;1_2,1_2&#8243; _builder_version=&#8221;4.16&#8243; _module_preset=&#8221;default&#8221; max_width=&#8221;80%&#8221; module_alignment=&#8221;center&#8221; custom_padding=&#8221;20px||20px||true|false&#8221; border_color_right=&#8221;#c16632&#8243; border_color_bottom=&#8221;#c16632&#8243; global_colors_info=&#8221;{}&#8221;][et_pb_column type=&#8221;1_2&#8243; _builder_version=&#8221;4.16&#8243; _module_preset=&#8221;default&#8221; border_color_right=&#8221;#c16632&#8243; border_color_bottom=&#8221;#c16632&#8243; global_colors_info=&#8221;{}&#8221;][et_pb_text _builder_version=&#8221;4.16&#8243; _module_preset=&#8221;default&#8221; custom_margin=&#8221;||0px||false|false&#8221; custom_padding=&#8221;||0px||false|false&#8221; border_color_bottom=&#8221;#cccccc&#8221; global_colors_info=&#8221;{}&#8221;]<\/p>\n<p class=\"contact\"><span style=\"color: #700c17; font-size: 21px;\"><strong>Suzuki Elli<\/strong><\/span><br \/><span class=\"titre\" style=\"color: #777777;\">MCF, Universit\u00e9 Bordeaux Montaigne<\/span><br \/>Contact(s) : <a title=\"eri.suzuki@u-bordeaux-montaigne.fr\" href=\"mailto:eri.suzuki@u-bordeaux-montaigne.fr%20\">eri.suzuki@u-bordeaux-montaigne.fr<\/a>\u00a0<\/p>\n<p><b>Mots-cl\u00e9s <\/b>:<br \/><strong>Aire g\u00e9ographique<\/strong> :<br \/><strong>Disciplines<\/strong> : Didactique des langues, didactique du plurlinguisme, didactique du japonais<br \/><strong>Axes de recherches<\/strong> : Politiques linguistiques et \u00e9ducatives ; Repr\u00e9sentations sociales des langues-cultures ; Portrait de langues ; Conflits et m\u00e9diations interculturels<br \/><strong>Projet(s) D2iA<\/strong> :<\/p>\n<p><a href=\"http:\/\/www.iiac.cnrs.fr\/article1534.html\"><img loading=\"lazy\" decoding=\"async\" class=\"wp-image-1043 alignnone size-medium\" src=\"https:\/\/d2ia.fr\/wp-content\/uploads\/2022\/01\/Website-300x300.jpg\" alt=\"\" width=\"40\" height=\"40\" \/><\/a><\/p>\n<p>[\/et_pb_text][\/et_pb_column][et_pb_column type=&#8221;1_2&#8243; _builder_version=&#8221;4.16&#8243; _module_preset=&#8221;default&#8221; border_color_right=&#8221;#c16632&#8243; border_color_bottom=&#8221;#c16632&#8243; global_colors_info=&#8221;{}&#8221;][et_pb_text _builder_version=&#8221;4.16&#8243; _module_preset=&#8221;default&#8221; custom_margin=&#8221;||0px||false|false&#8221; custom_padding=&#8221;||0px||false|false&#8221; border_color_bottom=&#8221;#cccccc&#8221; global_colors_info=&#8221;{}&#8221;]<\/p>\n<p class=\"contact\"><span style=\"color: #700c17; font-size: 21px;\"><strong>Symington Mic\u00e9ala<\/strong><\/span><br \/><span class=\"titre\" style=\"color: #777777;\">Professor, La Rochelle Universit\u00e9<\/span><br \/>Contact(s) : <a href=\"mailto:msymingt@univ-lr.fr\">msymingt@univ-lr.fr<\/a><\/p>\n<p><b>Keywords <\/b>: Literature and society, comparative literature<br \/><strong>Geographic zone<\/strong> : Asian English<br \/><strong>Discipline<\/strong> : Literature, cultural studies<br \/><strong>Research Axes<\/strong> : Literature and society, comparative literature<br \/><strong>D2iA project(s)<\/strong> :\u00a0<\/p>\n<p>&nbsp;<\/p>\n<p>[\/et_pb_text][\/et_pb_column][\/et_pb_row][et_pb_row column_structure=&#8221;1_2,1_2&#8243; _builder_version=&#8221;4.16&#8243; _module_preset=&#8221;default&#8221; max_width=&#8221;80%&#8221; module_alignment=&#8221;center&#8221; custom_padding=&#8221;20px||20px||true|false&#8221; border_color_right=&#8221;#c16632&#8243; border_color_bottom=&#8221;#c16632&#8243; global_colors_info=&#8221;{}&#8221;][et_pb_column type=&#8221;1_2&#8243; _builder_version=&#8221;4.16&#8243; _module_preset=&#8221;default&#8221; border_color_right=&#8221;#c16632&#8243; border_color_bottom=&#8221;#c16632&#8243; global_colors_info=&#8221;{}&#8221;][et_pb_text _builder_version=&#8221;4.16&#8243; _module_preset=&#8221;default&#8221; custom_margin=&#8221;||0px||false|false&#8221; custom_padding=&#8221;||0px||false|false&#8221; border_color_bottom=&#8221;#cccccc&#8221; global_colors_info=&#8221;{}&#8221;]<\/p>\n<p class=\"contact\"><span style=\"color: #700c17; font-size: 21px;\"><strong>Urasoko Rie<\/strong><\/span><br \/><span class=\"titre\" style=\"color: #777777;\">MCF, Universit\u00e9 Bordeaux Montaigne<\/span><br \/>Contact(s) : <a href=\"mailto:rie.urasoko@u-bordeaux-montaigne.fr\">rie.urasoko@u-bordeaux-montaigne.fr<\/a><\/p>\n<p><b>Mots-cl\u00e9s <\/b>: linguistique et phonologie du japonais, dialectes du japonais, variations et ph\u00e9nom\u00e8nes accentuels \/ tonals, typologie, phonologie<br \/><strong>Aire g\u00e9ographique<\/strong> : Japon<br \/><strong>Disciplines<\/strong> : Linguistique<br \/><strong>Axes de recherches<\/strong> : linguistique descriptive et th\u00e9orique, \u00e9volution des changements accentuels et tonals du japonais en diachronie courte, croisement entre la phonologie du japonais, la typologie prosodique des langues et les \u00e9tudes sur l&#8217;accent et la tonalit\u00e9<br \/><strong>Projet(s) D2iA<\/strong> :<\/p>\n<p><a href=\"https:\/\/hal.science\/search\/index\/q\/*\/authFullName_s\/Rie+Urasoko\"><img loading=\"lazy\" decoding=\"async\" class=\"wp-image-476 alignnone size-medium\" src=\"https:\/\/d2ia.fr\/wp-content\/uploads\/2021\/07\/hal2jpeg-300x300.jpeg\" alt=\"\" width=\"40\" height=\"40\" \/><\/a> <a href=\"https:\/\/orcid.org\/0009-0006-1157-0190\"><img loading=\"lazy\" decoding=\"async\" class=\"wp-image-475 alignnone size-medium\" src=\"https:\/\/d2ia.fr\/wp-content\/uploads\/2021\/07\/768px-ORCID_iD.svg_-300x300.png\" alt=\"\" width=\"40\" height=\"40\" \/><\/a><a href=\"http:\/\/rie.urasoko.free.fr\/\"><img loading=\"lazy\" decoding=\"async\" class=\"wp-image-1043 alignnone size-medium\" src=\"https:\/\/d2ia.fr\/wp-content\/uploads\/2022\/01\/Website-300x300.jpg\" alt=\"\" width=\"40\" height=\"40\" \/><\/a><\/p>\n<p>[\/et_pb_text][\/et_pb_column][et_pb_column type=&#8221;1_2&#8243; _builder_version=&#8221;4.16&#8243; _module_preset=&#8221;default&#8221; border_color_right=&#8221;#c16632&#8243; border_color_bottom=&#8221;#c16632&#8243; global_colors_info=&#8221;{}&#8221;][et_pb_text _builder_version=&#8221;4.16&#8243; _module_preset=&#8221;default&#8221; custom_margin=&#8221;||0px||false|false&#8221; custom_padding=&#8221;||0px||false|false&#8221; border_color_bottom=&#8221;#cccccc&#8221; global_colors_info=&#8221;{}&#8221;]<\/p>\n<p class=\"contact\"><span style=\"color: #700c17; font-size: 21px;\"><strong>Waterman David<\/strong><\/span><br \/><span class=\"titre\" style=\"color: #777777;\">Professor, La Rochelle Universit\u00e9<\/span><br \/>Contact(s) : <a href=\"mailto:david.waterman@univ-lr.fr\">david.waterman@univ-lr.fr<\/a><\/p>\n<p><b>Keywords <\/b>: Historical fiction, postcolonial theory, social representations<br \/><strong>Geographic zone<\/strong> : Pakistan, Kashmir<br \/><strong>Discipline<\/strong> : History, literature, geopolitics, social psychology<br \/><strong>Research Axes<\/strong> : Contemporary history of Pakistan, social and political representations in Pakistan (literature, press)<br \/><strong>D2iA project(s)<\/strong> :\u00a0(New) Silk Roads and Asian influence, Diasporas and circulations, Circulations of ideas in Asia, Social and political representations<\/p>\n<p><a href=\"https:\/\/hal.archives-ouvertes.fr\/search\/index\/?q=david+waterman&amp;authFullName_s=David+Waterman&amp;level0_domain_s=shs\"><img loading=\"lazy\" decoding=\"async\" class=\"wp-image-476 alignnone size-medium\" src=\"https:\/\/d2ia.fr\/wp-content\/uploads\/2021\/07\/hal2jpeg-300x300.jpeg\" alt=\"\" width=\"40\" height=\"40\" \/><\/a> <img loading=\"lazy\" decoding=\"async\" class=\"wp-image-475 alignnone size-medium\" src=\"https:\/\/d2ia.fr\/wp-content\/uploads\/2021\/07\/768px-ORCID_iD.svg_-300x300.png\" alt=\"\" width=\"40\" height=\"40\" \/><\/p>\n<p>[\/et_pb_text][\/et_pb_column][\/et_pb_row][\/et_pb_section][et_pb_section fb_built=&#8221;1&#8243; custom_padding_last_edited=&#8221;on|desktop&#8221; admin_label=&#8221;Header&#8221; module_id=&#8221;reveal1&#8243; _builder_version=&#8221;4.16&#8243; background_enable_image=&#8221;off&#8221; background_position=&#8221;top_right&#8221; custom_padding=&#8221;0px||||false|false&#8221; custom_padding_tablet=&#8221;140px|0px|50px|0px|false|false&#8221; custom_padding_phone=&#8221;120px|||&#8221; global_colors_info=&#8221;{}&#8221;][et_pb_row column_structure=&#8221;1_2,1_2&#8243; _builder_version=&#8221;4.16&#8243; _module_preset=&#8221;default&#8221; max_width=&#8221;80%&#8221; module_alignment=&#8221;center&#8221; custom_margin=&#8221;||0px||false|false&#8221; custom_padding=&#8221;10px||0px||false|false&#8221; border_color_right=&#8221;#c16632&#8243; border_color_bottom=&#8221;#c16632&#8243; global_colors_info=&#8221;{}&#8221;][et_pb_column type=&#8221;1_2&#8243; _builder_version=&#8221;4.16&#8243; _module_preset=&#8221;default&#8221; border_color_right=&#8221;#c16632&#8243; border_color_bottom=&#8221;#c16632&#8243; global_colors_info=&#8221;{}&#8221;][et_pb_text _builder_version=&#8221;4.16&#8243; _module_preset=&#8221;default&#8221; header_2_font=&#8221;|800|||||||&#8221; custom_margin=&#8221;||10px||false|false&#8221; custom_padding=&#8221;1px|||||&#8221; global_colors_info=&#8221;{}&#8221;]<\/p>\n<h2>PHD Students<\/h2>\n<p>[\/et_pb_text][et_pb_divider color=&#8221;#700c17&#8243; divider_weight=&#8221;3px&#8221; _builder_version=&#8221;4.16&#8243; _module_preset=&#8221;default&#8221; width=&#8221;75px&#8221; custom_margin=&#8221;||0px||false|false&#8221; custom_padding=&#8221;||0px||false|false&#8221; global_colors_info=&#8221;{}&#8221;][\/et_pb_divider][\/et_pb_column][et_pb_column type=&#8221;1_2&#8243; _builder_version=&#8221;4.16&#8243; _module_preset=&#8221;default&#8221; border_color_right=&#8221;#c16632&#8243; border_color_bottom=&#8221;#c16632&#8243; global_colors_info=&#8221;{}&#8221;][\/et_pb_column][\/et_pb_row][et_pb_row column_structure=&#8221;1_2,1_2&#8243; _builder_version=&#8221;4.16&#8243; _module_preset=&#8221;default&#8221; max_width=&#8221;80%&#8221; module_alignment=&#8221;center&#8221; custom_padding=&#8221;20px||20px||true|false&#8221; border_color_right=&#8221;#c16632&#8243; border_color_bottom=&#8221;#c16632&#8243; global_colors_info=&#8221;{}&#8221;][et_pb_column type=&#8221;1_2&#8243; _builder_version=&#8221;4.16&#8243; _module_preset=&#8221;default&#8221; border_color_right=&#8221;#c16632&#8243; border_color_bottom=&#8221;#c16632&#8243; global_colors_info=&#8221;{}&#8221;][et_pb_text _builder_version=&#8221;4.21.0&#8243; _module_preset=&#8221;default&#8221; custom_margin=&#8221;||0px||false|false&#8221; custom_padding=&#8221;||0px||false|false&#8221; border_color_bottom=&#8221;#cccccc&#8221; global_colors_info=&#8221;{}&#8221;]<\/p>\n<p class=\"contact\"><span style=\"color: #700c17; font-size: 21px;\"><strong>A\u00eftout Cl\u00e9mence<\/strong><\/span><br \/><span class=\"titre\" style=\"color: #777777;\">Doctoral Student, Universit\u00e9 Bordeaux Montaigne<br \/>(Thesis supervisor David Waterman)<\/span><br \/>Contact(s) : <a href=\"mailto:vianneydevezis@gmail.com\">clemence.aitout@etu.u-bordeaux-montaigne.fr<\/a><\/p>\n<p><b>Keywords <\/b>: Social and geographical representations, relationship with otherness, cultural studies<br \/><strong>Geographic zone<\/strong> : China<br \/><strong>Discipline<\/strong> : History, anthropology<br \/><strong>Research Axes<\/strong> : Representations<br \/><strong>D2iA project(s)<\/strong> :\u00a0Social and political representations<\/p>\n<p>&nbsp;<\/p>\n<p>[\/et_pb_text][\/et_pb_column][et_pb_column type=&#8221;1_2&#8243; _builder_version=&#8221;4.16&#8243; _module_preset=&#8221;default&#8221; border_color_right=&#8221;#c16632&#8243; border_color_bottom=&#8221;#c16632&#8243; global_colors_info=&#8221;{}&#8221;][et_pb_text _builder_version=&#8221;4.16&#8243; _module_preset=&#8221;default&#8221; custom_margin=&#8221;||0px||false|false&#8221; custom_padding=&#8221;||0px||false|false&#8221; border_color_bottom=&#8221;#cccccc&#8221; global_colors_info=&#8221;{}&#8221;]<\/p>\n<p class=\"contact\"><span style=\"color: #700c17; font-size: 21px;\"><strong>Devezis Vianney<\/strong><\/span><br \/><span class=\"titre\" style=\"color: #777777;\">Doctoral Student, Universit\u00e9 Bordeaux Montaigne<br \/>(Thesis supervisor Eddy Dufourmont)<\/span><br \/>Contact(s) : <a href=\"mailto:vianneydevezis@gmail.com\">vianneydevezis@gmail.com<\/a><\/p>\n<p><b>Keywords <\/b>: Literature, T\u00f4 Kazuko, poetry, ethnocriticism, anthropology <br \/><strong>Geographic zone<\/strong> : Japan<br \/><strong>Discipline<\/strong> : Anthropology<br \/><strong>Research Axes<\/strong> : Anthropology of health, literature<br \/><strong>D2iA project(s)<\/strong> :\u00a0<\/p>\n<p>&nbsp;<\/p>\n<p>[\/et_pb_text][\/et_pb_column][\/et_pb_row][et_pb_row column_structure=&#8221;1_2,1_2&#8243; _builder_version=&#8221;4.16&#8243; _module_preset=&#8221;default&#8221; max_width=&#8221;80%&#8221; module_alignment=&#8221;center&#8221; custom_padding=&#8221;20px||20px||true|false&#8221; border_color_right=&#8221;#c16632&#8243; border_color_bottom=&#8221;#c16632&#8243; global_colors_info=&#8221;{}&#8221;][et_pb_column type=&#8221;1_2&#8243; _builder_version=&#8221;4.16&#8243; _module_preset=&#8221;default&#8221; border_color_right=&#8221;#c16632&#8243; border_color_bottom=&#8221;#c16632&#8243; global_colors_info=&#8221;{}&#8221;][et_pb_text _builder_version=&#8221;4.21.0&#8243; _module_preset=&#8221;default&#8221; custom_margin=&#8221;||0px||false|false&#8221; custom_padding=&#8221;||0px||false|false&#8221; border_color_bottom=&#8221;#cccccc&#8221; global_colors_info=&#8221;{}&#8221;]<\/p>\n<p class=\"contact\"><span style=\"color: #700c17; font-size: 21px;\"><strong>Gautier Thomas<\/strong><\/span><br \/><span class=\"titre\" style=\"color: #777777;\">Doctoral Student, Universit\u00e9 Bordeaux Montaigne<br \/>(Thesis supervisor Eddy Dufourmont)<\/span><br \/>Contact(s) : <a href=\"mailto:vianneydevezis@gmail.com\">thomas.gautier@etu.u-bordeaux-montaigne.fr<\/a><\/p>\n<p><b>Keywords <\/b>: History, politics, diasporas, Koreans in Japan, Mindan, Ch\u00f4sen S\u00f4ren<br \/><strong>Geographic zone<\/strong> : Japan<br \/><strong>Discipline<\/strong> : History, political science<br \/><strong>Research Axes<\/strong> : Asian influence and circulation<br \/><strong>D2iA project(s)<\/strong> :\u00a0Diasporas and Circulations<\/p>\n<p>&nbsp;<\/p>\n<p>[\/et_pb_text][\/et_pb_column][et_pb_column type=&#8221;1_2&#8243; _builder_version=&#8221;4.16&#8243; _module_preset=&#8221;default&#8221; border_color_right=&#8221;#c16632&#8243; border_color_bottom=&#8221;#c16632&#8243; global_colors_info=&#8221;{}&#8221;][et_pb_text _builder_version=&#8221;4.21.0&#8243; _module_preset=&#8221;default&#8221; custom_margin=&#8221;||0px||false|false&#8221; custom_padding=&#8221;||0px||false|false&#8221; border_color_bottom=&#8221;#cccccc&#8221; global_colors_info=&#8221;{}&#8221;]<\/p>\n<p class=\"contact\"><span style=\"color: #700c17; font-size: 21px;\"><strong>Khan Raheen Fatima<\/strong><\/span><\/p>\n<p class=\"contact\"><span class=\"titre\" style=\"color: #777777;\">Doctoral student, La Rochelle Universit\u00e9<br \/>(Thesis supervisor David Waterman)<\/span><\/p>\n<p class=\"contact\">Contact(s) : <a href=\"mailto:raheenfkhan@hotmail.com\">raheenfkhan@hotmail.com<\/a><\/p>\n<p><b>Keywords <\/b>: Historical fiction, postcolonial theory, social representations<br \/><strong>Geographic zone<\/strong> : Pakistan<br \/><strong>Discipline<\/strong> : History, literature and politics in Pakistan<br \/><strong>Research Axes<\/strong> : Contemporary literature, history and politics<br \/><strong>D2iA project(s)<\/strong> : Social and political representations\u00a0<\/p>\n<p><a href=\"https:\/\/www.linkedin.com\/in\/raheenfkhan\/\"><img loading=\"lazy\" decoding=\"async\" class=\"wp-image-1044 alignnone size-medium\" src=\"https:\/\/d2ia.fr\/wp-content\/uploads\/2022\/01\/Linkedin-300x300.jpg\" alt=\"\" width=\"40\" height=\"40\" \/><\/a><\/p>\n<p>[\/et_pb_text][\/et_pb_column][\/et_pb_row][et_pb_row column_structure=&#8221;1_2,1_2&#8243; _builder_version=&#8221;4.16&#8243; _module_preset=&#8221;default&#8221; max_width=&#8221;80%&#8221; module_alignment=&#8221;center&#8221; custom_padding=&#8221;20px||20px||true|false&#8221; border_color_right=&#8221;#c16632&#8243; border_color_bottom=&#8221;#c16632&#8243; global_colors_info=&#8221;{}&#8221;][et_pb_column type=&#8221;1_2&#8243; _builder_version=&#8221;4.16&#8243; _module_preset=&#8221;default&#8221; border_color_right=&#8221;#c16632&#8243; border_color_bottom=&#8221;#c16632&#8243; global_colors_info=&#8221;{}&#8221;][et_pb_text _builder_version=&#8221;4.21.0&#8243; _module_preset=&#8221;default&#8221; custom_margin=&#8221;||0px||false|false&#8221; custom_padding=&#8221;||0px||false|false&#8221; border_color_bottom=&#8221;#cccccc&#8221; global_colors_info=&#8221;{}&#8221;]<\/p>\n<p class=\"contact\"><span style=\"color: #700c17; font-size: 21px;\"><strong>Wattebl\u00e9 Nathalie<\/strong><\/span><\/p>\n<p class=\"contact\"><span class=\"titre\" style=\"color: #777777;\">Doctorante, La Rochelle Universit\u00e9<br \/>(Dir. Symington Mic\u00e9ala, <span style=\"color: #777777;\">Co-dir. Raibaud Martine<\/span>)<\/span><\/p>\n<p class=\"contact\">Contact(s) : <a href=\"mailto:nathalie.watteble@etudiant.univ-lr.fr\" target=\"_blank\" rel=\"noopener noreferrer\">nathalie.watteble@etudiant.<wbr \/>univ-lr.fr<\/a><\/p>\n<p><b>Mots-cl\u00e9s <\/b>: Anarchistes chinois, mouvement travail-\u00e9tude, \u00e9ducation rationnelle, Chine, politique<br \/><strong>Aire g\u00e9ographique<\/strong> : Chine\/Ta\u00efwan<br \/><strong>Disciplines<\/strong> : Litt\u00e9rature compar\u00e9e, traduction chinoise, histoire et politique contemporaines<br \/><strong>Axes de recherches<\/strong> : <span class=\"\">Bi Xiuxhao, anarchistes chinois, r\u00e9ception d&#8217;\u00c9mile Zola en Chine<\/span><br \/><strong>Projet(s) D2iA<\/strong> : Circulations des id\u00e9es en Asie, repr\u00e9sentations sociales et politiques<\/p>\n<p>&nbsp;<\/p>\n<p>[\/et_pb_text][\/et_pb_column][et_pb_column type=&#8221;1_2&#8243; _builder_version=&#8221;4.16&#8243; _module_preset=&#8221;default&#8221; border_color_right=&#8221;#c16632&#8243; border_color_bottom=&#8221;#c16632&#8243; global_colors_info=&#8221;{}&#8221;][et_pb_text _builder_version=&#8221;4.21.0&#8243; _module_preset=&#8221;default&#8221; custom_margin=&#8221;||0px||false|false&#8221; custom_padding=&#8221;||0px||false|false&#8221; border_color_bottom=&#8221;#cccccc&#8221; global_colors_info=&#8221;{}&#8221;]<\/p>\n<p class=\"contact\"><span style=\"color: #700c17; font-size: 21px;\"><strong>GANDIL Alexandre<br \/><\/strong><\/span><\/p>\n<p class=\"contact\"><span class=\"titre\" style=\"color: #777777;\">ATER, Universit\u00e9 Bordeaux Montaigne<\/span><\/p>\n<p>&nbsp;<\/p>\n<p class=\"contact\">Contact(s) : <a href=\"mailto:alexandre.gandil@sciencespo.fr\" target=\"_blank\" rel=\"noopener noreferrer\">alexandre.gandil@sciencespo.fr<\/a><\/p>\n<p><b>Mots-cl\u00e9s <\/b>: \u00c9tat, nation, territoire, construction nationale, Chine, Taiwan, politique<br \/><strong>Aire g\u00e9ographique<\/strong> : Chine\/Ta\u00efwan<br \/><strong>Disciplines<\/strong> : Science politique<br \/><strong>Axes de recherches<\/strong> : Rayonnements et circulations, Repr\u00e9sentations<br \/><strong>Projet(s) D2iA<\/strong> :<\/p>\n<p>&nbsp;<\/p>\n<p>[\/et_pb_text][\/et_pb_column][\/et_pb_row][\/et_pb_section][et_pb_section fb_built=&#8221;1&#8243; custom_padding_last_edited=&#8221;on|desktop&#8221; admin_label=&#8221;Header&#8221; module_id=&#8221;reveal2&#8243; _builder_version=&#8221;4.16&#8243; background_enable_image=&#8221;off&#8221; background_position=&#8221;top_right&#8221; custom_padding=&#8221;0px||||false|false&#8221; custom_padding_tablet=&#8221;140px|0px|50px|0px|false|false&#8221; custom_padding_phone=&#8221;120px|||&#8221; global_colors_info=&#8221;{}&#8221;][et_pb_row column_structure=&#8221;1_2,1_2&#8243; _builder_version=&#8221;4.16&#8243; _module_preset=&#8221;default&#8221; max_width=&#8221;80%&#8221; module_alignment=&#8221;center&#8221; custom_margin=&#8221;||0px||false|false&#8221; custom_padding=&#8221;10px||0px||false|false&#8221; border_color_right=&#8221;#c16632&#8243; border_color_bottom=&#8221;#c16632&#8243; global_colors_info=&#8221;{}&#8221;][et_pb_column type=&#8221;1_2&#8243; _builder_version=&#8221;4.16&#8243; _module_preset=&#8221;default&#8221; border_color_right=&#8221;#c16632&#8243; border_color_bottom=&#8221;#c16632&#8243; global_colors_info=&#8221;{}&#8221;][et_pb_text _builder_version=&#8221;4.16&#8243; _module_preset=&#8221;default&#8221; header_2_font=&#8221;|800|||||||&#8221; custom_margin=&#8221;||10px||false|false&#8221; custom_padding=&#8221;1px|||||&#8221; global_colors_info=&#8221;{}&#8221;]<\/p>\n<h2>Associate Members<\/h2>\n<p>[\/et_pb_text][et_pb_divider color=&#8221;#700c17&#8243; divider_weight=&#8221;3px&#8221; _builder_version=&#8221;4.16&#8243; _module_preset=&#8221;default&#8221; width=&#8221;75px&#8221; custom_margin=&#8221;||0px||false|false&#8221; custom_padding=&#8221;||0px||false|false&#8221; global_colors_info=&#8221;{}&#8221;][\/et_pb_divider][\/et_pb_column][et_pb_column type=&#8221;1_2&#8243; _builder_version=&#8221;4.16&#8243; _module_preset=&#8221;default&#8221; border_color_right=&#8221;#c16632&#8243; border_color_bottom=&#8221;#c16632&#8243; global_colors_info=&#8221;{}&#8221;][\/et_pb_column][\/et_pb_row][et_pb_row column_structure=&#8221;1_2,1_2&#8243; _builder_version=&#8221;4.16&#8243; _module_preset=&#8221;default&#8221; max_width=&#8221;80%&#8221; module_alignment=&#8221;center&#8221; custom_padding=&#8221;20px||20px||true|false&#8221; border_color_right=&#8221;#c16632&#8243; border_color_bottom=&#8221;#c16632&#8243; global_colors_info=&#8221;{}&#8221;][et_pb_column type=&#8221;1_2&#8243; _builder_version=&#8221;4.16&#8243; _module_preset=&#8221;default&#8221; border_color_right=&#8221;#c16632&#8243; border_color_bottom=&#8221;#c16632&#8243; global_colors_info=&#8221;{}&#8221;][et_pb_text _builder_version=&#8221;4.16&#8243; _module_preset=&#8221;default&#8221; custom_margin=&#8221;||0px||false|false&#8221; custom_padding=&#8221;||0px||false|false&#8221; border_color_bottom=&#8221;#cccccc&#8221; global_colors_info=&#8221;{}&#8221;]<\/p>\n<p class=\"contact\"><span style=\"color: #700c17; font-size: 21px;\"><strong>Auger Agn\u00e8s<\/strong><\/span><br \/><span class=\"titre\" style=\"color: #777777;\">PRCE, La Rochelle Universit\u00e9<\/span><br \/>Contact(s) : <a href=\"mailto:agnes.auger@univ-lr.fr\">agnes.auger@univ-lr.fr<\/a><\/p>\n<p><b>Mots-cl\u00e9s <\/b>: didactique, culture, diplomatie<br \/><strong>Aire g\u00e9ographique<\/strong> : Chine<br \/><strong>Disciplines<\/strong> : didactique<br \/><strong>Axes de recherches<\/strong> : didactique langue chinoise, culture chinoise<br \/><strong>Projet(s) D2iA<\/strong> :<\/p>\n<p>[\/et_pb_text][\/et_pb_column][et_pb_column type=&#8221;1_2&#8243; _builder_version=&#8221;4.16&#8243; _module_preset=&#8221;default&#8221; border_color_right=&#8221;#c16632&#8243; border_color_bottom=&#8221;#c16632&#8243; global_colors_info=&#8221;{}&#8221;][et_pb_text _builder_version=&#8221;4.16&#8243; _module_preset=&#8221;default&#8221; custom_margin=&#8221;||0px||false|false&#8221; custom_padding=&#8221;||0px||false|false&#8221; border_color_bottom=&#8221;#cccccc&#8221; global_colors_info=&#8221;{}&#8221;]<\/p>\n<p class=\"contact\"><span style=\"color: #700c17; font-size: 21px;\"><strong>Augier Laurent<\/strong><\/span><br \/><span class=\"titre\" style=\"color: #777777;\">MCF HDR, Universit\u00e9 Bordeaux Montaigne<\/span><br \/>Contact(s) : <a href=\"mailto:laurent.augier@univ-lr.fr\">laurent.augier@univ-lr.fr<\/a><\/p>\n<p><b>Mots-cl\u00e9s <\/b>: \u00e9conomie, Chine<br \/><strong>Aire g\u00e9ographique<\/strong> : Chine<br \/><strong>Disciplines<\/strong> : \u00e9conomie<br \/><strong>Axes de recherches<\/strong> : \u00e9conomie chinoise<br \/><strong>Projet(s) D2iA<\/strong> :<\/p>\n<p>[\/et_pb_text][\/et_pb_column][\/et_pb_row][et_pb_row column_structure=&#8221;1_2,1_2&#8243; _builder_version=&#8221;4.16&#8243; _module_preset=&#8221;default&#8221; max_width=&#8221;80%&#8221; module_alignment=&#8221;center&#8221; custom_padding=&#8221;20px||20px||true|false&#8221; border_color_right=&#8221;#c16632&#8243; border_color_bottom=&#8221;#c16632&#8243; global_colors_info=&#8221;{}&#8221;][et_pb_column type=&#8221;1_2&#8243; _builder_version=&#8221;4.16&#8243; _module_preset=&#8221;default&#8221; border_color_right=&#8221;#c16632&#8243; border_color_bottom=&#8221;#c16632&#8243; global_colors_info=&#8221;{}&#8221;][et_pb_text _builder_version=&#8221;4.16&#8243; _module_preset=&#8221;default&#8221; custom_margin=&#8221;||0px||false|false&#8221; custom_padding=&#8221;||0px||false|false&#8221; border_color_bottom=&#8221;#cccccc&#8221; global_colors_info=&#8221;{}&#8221;]<\/p>\n<p class=\"contact\"><span style=\"color: #700c17; font-size: 21px;\"><strong>Aymard St\u00e9phane<\/strong><\/span><br \/><span class=\"titre\" style=\"color: #777777;\">Ing\u00e9nieur de recherche, La Rochelle Universit\u00e9<\/span><br \/>Contact(s) : <a href=\"mailto:stephane.aymard@univ-lr.fr\">stephane.aymard@univ-lr.fr<\/a><\/p>\n<p><b>Mots-cl\u00e9s <\/b>:<br \/><strong>Aire g\u00e9ographique<\/strong> : Chine<br \/><strong>Disciplines<\/strong> : \u00e9conomie, diplomatie, histoire<br \/><strong>Axes de recherches<\/strong> : Instituts Confucius dans le monde; \u00e9conomie chinoise<br \/><strong>Projet(s) D2iA<\/strong> :<\/p>\n<p>&nbsp;<\/p>\n<p>[\/et_pb_text][\/et_pb_column][et_pb_column type=&#8221;1_2&#8243; _builder_version=&#8221;4.16&#8243; _module_preset=&#8221;default&#8221; border_color_right=&#8221;#c16632&#8243; border_color_bottom=&#8221;#c16632&#8243; global_colors_info=&#8221;{}&#8221;][et_pb_text _builder_version=&#8221;4.16&#8243; _module_preset=&#8221;default&#8221; custom_margin=&#8221;||0px||false|false&#8221; custom_padding=&#8221;||0px||false|false&#8221; border_color_bottom=&#8221;#cccccc&#8221; global_colors_info=&#8221;{}&#8221;]<\/p>\n<p class=\"contact\"><span style=\"color: #700c17; font-size: 21px;\"><strong>Bach Daniel<\/strong><\/span><br \/><span class=\"titre\" style=\"color: #777777;\">Directeur de recherche \u00e9m\u00e9rite, CNRS<\/span><br \/>Contact(s) :<\/p>\n<p><b>Mots-cl\u00e9s <\/b>: Economie politique internationale, int\u00e9gration r\u00e9gionale, r\u00e9gionalisme compar\u00e9<br \/><strong>Aire g\u00e9ographique<\/strong> : Afrique subsaharienne<br \/><strong>Disciplines<\/strong> : Science politique, relations internationales<br \/><strong>Axes de recherches<\/strong> : Rapports entre la France, l&#8217;Union Europ\u00e9enne, la Chine, l\u2019Inde et l&#8217;Afrique; Rapports entre r\u00e9gionalisation, institutions r\u00e9gionales et globalisation en Afrique<br \/><strong>Projet(s) D2iA<\/strong> :<\/p>\n<p><a href=\"https:\/\/sciencespobordeaux.academia.edu\/DanielBach\"><img loading=\"lazy\" decoding=\"async\" class=\"wp-image-1046 alignnone size-full\" src=\"https:\/\/d2ia.fr\/wp-content\/uploads\/2022\/01\/Academia.jpg\" alt=\"\" width=\"40\" height=\"40\" srcset=\"https:\/\/d2ia.fr\/wp-content\/uploads\/2022\/01\/Academia.jpg 218w, https:\/\/d2ia.fr\/wp-content\/uploads\/2022\/01\/Academia-150x150.jpg 150w\" sizes=\"(max-width: 40px) 100vw, 40px\" \/><\/a><\/p>\n<p>[\/et_pb_text][\/et_pb_column][\/et_pb_row][et_pb_row column_structure=&#8221;1_2,1_2&#8243; _builder_version=&#8221;4.16&#8243; _module_preset=&#8221;default&#8221; max_width=&#8221;80%&#8221; module_alignment=&#8221;center&#8221; custom_padding=&#8221;20px||20px||true|false&#8221; border_color_right=&#8221;#c16632&#8243; border_color_bottom=&#8221;#c16632&#8243; global_colors_info=&#8221;{}&#8221;][et_pb_column type=&#8221;1_2&#8243; _builder_version=&#8221;4.16&#8243; _module_preset=&#8221;default&#8221; border_color_right=&#8221;#c16632&#8243; border_color_bottom=&#8221;#c16632&#8243; global_colors_info=&#8221;{}&#8221;][et_pb_text _builder_version=&#8221;4.16&#8243; _module_preset=&#8221;default&#8221; custom_margin=&#8221;||0px||false|false&#8221; custom_padding=&#8221;||0px||false|false&#8221; border_color_bottom=&#8221;#cccccc&#8221; global_colors_info=&#8221;{}&#8221;]<\/p>\n<p class=\"contact\"><span style=\"color: #700c17; font-size: 21px;\"><strong>Belotel Greni\u00e9 Agn\u00e8s<\/strong><\/span><br \/><span class=\"titre\" style=\"color: #777777;\">Chercheuse, Universit\u00e9 des Langues et Cultures de Beijing<\/span><br \/>Contact(s) :<\/p>\n<p><b>Mots-cl\u00e9s <\/b>:<br \/><strong>Aire g\u00e9ographique<\/strong> : Chine<br \/><strong>Disciplines<\/strong> :<br \/><strong>Axes de recherches<\/strong> :<br \/><strong>Projet(s) D2iA<\/strong> :<\/p>\n<p>&nbsp;<\/p>\n<p>[\/et_pb_text][\/et_pb_column][et_pb_column type=&#8221;1_2&#8243; _builder_version=&#8221;4.16&#8243; _module_preset=&#8221;default&#8221; border_color_right=&#8221;#c16632&#8243; border_color_bottom=&#8221;#c16632&#8243; global_colors_info=&#8221;{}&#8221;][et_pb_text _builder_version=&#8221;4.16&#8243; _module_preset=&#8221;default&#8221; custom_margin=&#8221;||0px||false|false&#8221; custom_padding=&#8221;||0px||false|false&#8221; border_color_bottom=&#8221;#cccccc&#8221; global_colors_info=&#8221;{}&#8221;]<\/p>\n<p class=\"contact\"><span style=\"color: #700c17; font-size: 21px;\"><strong>Carmona Yves<\/strong><\/span><br \/><span class=\"titre\" style=\"color: #777777;\">Ancien diplomate\/Sp\u00e9cialiste, Univ. Bordeaux Montaigne<\/span><br \/>Contact(s) : <a href=\"mailto:yvescarmona@gmail.com\">yvescarmona@gmail.com<\/a><\/p>\n<p><b>Mots-cl\u00e9s <\/b>:<br \/><strong>Aire g\u00e9ographique<\/strong> : Asie<br \/><strong>Disciplines<\/strong> :<br \/><strong>Axes de recherches<\/strong> :<br \/><strong>Projet(s) D2iA<\/strong> :<\/p>\n<p><a href=\"https:\/\/www.linkedin.com\/in\/yves-carmona-a06b5bb\/\"><img loading=\"lazy\" decoding=\"async\" class=\"wp-image-1044 alignnone size-medium\" src=\"https:\/\/d2ia.fr\/wp-content\/uploads\/2022\/01\/Linkedin-300x300.jpg\" alt=\"\" width=\"40\" height=\"40\" \/><\/a><\/p>\n<p>[\/et_pb_text][\/et_pb_column][\/et_pb_row][et_pb_row column_structure=&#8221;1_2,1_2&#8243; _builder_version=&#8221;4.16&#8243; _module_preset=&#8221;default&#8221; max_width=&#8221;80%&#8221; module_alignment=&#8221;center&#8221; custom_padding=&#8221;20px||20px||true|false&#8221; border_color_right=&#8221;#c16632&#8243; border_color_bottom=&#8221;#c16632&#8243; global_colors_info=&#8221;{}&#8221;][et_pb_column type=&#8221;1_2&#8243; _builder_version=&#8221;4.16&#8243; _module_preset=&#8221;default&#8221; border_color_right=&#8221;#c16632&#8243; border_color_bottom=&#8221;#c16632&#8243; global_colors_info=&#8221;{}&#8221;][et_pb_text _builder_version=&#8221;4.16&#8243; _module_preset=&#8221;default&#8221; custom_margin=&#8221;||0px||false|false&#8221; custom_padding=&#8221;||0px||false|false&#8221; border_color_bottom=&#8221;#cccccc&#8221; global_colors_info=&#8221;{}&#8221;]<\/p>\n<p class=\"contact\"><span style=\"color: #700c17; font-size: 21px;\"><strong>Chang Inbong<\/strong><\/span><br \/><span class=\"titre\" style=\"color: #777777;\">Professor, Ewha Women&#8217;s University (South Korea)<\/span><br \/>Contact(s) : <a href=\"mailto:changib@ewha.ac.kr\">changib@ewha.ac.kr<\/a><\/p>\n<p><b>Mots-cl\u00e9s <\/b>: polyphonie, dialogisme<br \/><strong>Aire g\u00e9ographique<\/strong> : France \/ Cor\u00e9e<br \/><strong>Disciplines<\/strong> : Linguistique contrastive fran\u00e7ais \/ cor\u00e9en<br \/><strong>Axes de recherches<\/strong> :<br \/><strong>Projet(s) D2iA<\/strong> :<\/p>\n<p>&nbsp;<\/p>\n<p>[\/et_pb_text][\/et_pb_column][et_pb_column type=&#8221;1_2&#8243; _builder_version=&#8221;4.16&#8243; _module_preset=&#8221;default&#8221; border_color_right=&#8221;#c16632&#8243; border_color_bottom=&#8221;#c16632&#8243; global_colors_info=&#8221;{}&#8221;][et_pb_text _builder_version=&#8221;4.16&#8243; _module_preset=&#8221;default&#8221; custom_margin=&#8221;||0px||false|false&#8221; custom_padding=&#8221;||0px||false|false&#8221; border_color_bottom=&#8221;#cccccc&#8221; global_colors_info=&#8221;{}&#8221;]<\/p>\n<p class=\"contact\"><span style=\"color: #700c17; font-size: 21px;\"><strong>Chen Lian<\/strong><\/span><br \/><span class=\"titre\" style=\"color: #777777;\">Jeune docteure, La Rochelle Universit\u00e9<\/span><br \/>Contact(s) : <a href=\"mailto:lian.chen@univ-lr.fr\">lian.chen@univ-lr.fr<\/a><\/p>\n<p><b>Mots-cl\u00e9s <\/b>: Linguistique contrastive, linguistique de corpus, phras\u00e9ologie appliqu\u00e9e, et DLC, etc.<br \/><strong>Aire g\u00e9ographique<\/strong> : France, Chine<br \/><strong>Disciplines<\/strong> : linguistique (contrastive) et DLC<br \/><strong>Axes de recherches<\/strong> : interculture, lexiculture; repr\u00e9sentation;\u00a0 interlinguistique : Lexicologie contrastive, phras\u00e9ologie contrastive, figements; lexicograhie; m\u00e9talexicographie; phras\u00e9ologie appliqu\u00e9e : phras\u00e9otraductologie et phras\u00e9odidactique<br \/><strong>Projet(s) D2iA<\/strong> :<\/p>\n<p><a href=\"https:\/\/hal.archives-ouvertes.fr\/search\/index\/q\/*\/authFullName_s\/Lian+Chen\"><img loading=\"lazy\" decoding=\"async\" class=\"wp-image-476 alignnone size-medium\" src=\"https:\/\/d2ia.fr\/wp-content\/uploads\/2021\/07\/hal2jpeg-300x300.jpeg\" alt=\"\" width=\"40\" height=\"40\" \/><\/a><a href=\"https:\/\/fr.linkedin.com\/in\/chen-lian-16311596\"> <img loading=\"lazy\" decoding=\"async\" class=\"wp-image-1044 alignnone size-medium\" src=\"https:\/\/d2ia.fr\/wp-content\/uploads\/2022\/01\/Linkedin-300x300.jpg\" alt=\"\" width=\"40\" height=\"40\" \/><\/a> <a href=\"lianchen.fr\"><img loading=\"lazy\" decoding=\"async\" class=\"wp-image-1043 alignnone size-medium\" src=\"https:\/\/d2ia.fr\/wp-content\/uploads\/2022\/01\/Website-300x300.jpg\" alt=\"\" width=\"40\" height=\"40\" \/><\/a><\/p>\n<p>[\/et_pb_text][\/et_pb_column][\/et_pb_row][et_pb_row column_structure=&#8221;1_2,1_2&#8243; _builder_version=&#8221;4.16&#8243; _module_preset=&#8221;default&#8221; max_width=&#8221;80%&#8221; module_alignment=&#8221;center&#8221; custom_padding=&#8221;20px||20px||true|false&#8221; border_color_right=&#8221;#c16632&#8243; border_color_bottom=&#8221;#c16632&#8243; global_colors_info=&#8221;{}&#8221;][et_pb_column type=&#8221;1_2&#8243; _builder_version=&#8221;4.16&#8243; _module_preset=&#8221;default&#8221; border_color_right=&#8221;#c16632&#8243; border_color_bottom=&#8221;#c16632&#8243; global_colors_info=&#8221;{}&#8221;][et_pb_text _builder_version=&#8221;4.16&#8243; _module_preset=&#8221;default&#8221; custom_margin=&#8221;||0px||false|false&#8221; custom_padding=&#8221;||0px||false|false&#8221; border_color_bottom=&#8221;#cccccc&#8221; global_colors_info=&#8221;{}&#8221;]<\/p>\n<p class=\"contact\"><span style=\"color: #700c17; font-size: 21px;\"><strong>Clay Adam<\/strong><\/span><br \/><span class=\"titre\" style=\"color: #777777;\">PRCE\/Docteur, La Rochelle Universit\u00e9<\/span><br \/>Contact(s) : <a href=\"mailto:adam.clay@univ-lr.fr\">adam.clay@univ-lr.fr<\/a><\/p>\n<p><b>Mots-cl\u00e9s <\/b>: culture, Oceanie<br \/><strong>Aire g\u00e9ographique<\/strong> : Oceanie<br \/><strong>Disciplines<\/strong> : \u00e9tudes culturelles Asie Pacifique<br \/><strong>Axes de recherches<\/strong> :<br \/><strong>Projet(s) D2iA<\/strong> :<\/p>\n<p>[\/et_pb_text][\/et_pb_column][et_pb_column type=&#8221;1_2&#8243; _builder_version=&#8221;4.16&#8243; _module_preset=&#8221;default&#8221; border_color_right=&#8221;#c16632&#8243; border_color_bottom=&#8221;#c16632&#8243; global_colors_info=&#8221;{}&#8221;][et_pb_text _builder_version=&#8221;4.16&#8243; _module_preset=&#8221;default&#8221; custom_margin=&#8221;||0px||false|false&#8221; custom_padding=&#8221;||0px||false|false&#8221; border_color_bottom=&#8221;#cccccc&#8221; global_colors_info=&#8221;{}&#8221;]<\/p>\n<p class=\"contact\"><span style=\"color: #700c17; font-size: 21px;\"><strong>Daniel Yvan<\/strong><\/span><br \/><span class=\"titre\" style=\"color: #777777;\">PU, Universit\u00e9 Clermont Auvergne<\/span><br \/>Contact(s) : <a href=\"mailto:yvan.daniel@uca.fr\">yvan.daniel@uca.fr<\/a><\/p>\n<p><b>Mots-cl\u00e9s <\/b>:<br \/><strong>Aire g\u00e9ographique<\/strong> : Chine<br \/><strong>Disciplines<\/strong> :\u00a0litt\u00e9rature\u00a0compar\u00e9e<br \/><strong>Axes de recherches <\/strong>:\u00a0litt\u00e9rature\u00a0compar\u00e9e\u00a0France \/ Chine<br \/><strong>Projet(s) D2iA<\/strong> :<\/p>\n<p>[\/et_pb_text][\/et_pb_column][\/et_pb_row][et_pb_row column_structure=&#8221;1_2,1_2&#8243; _builder_version=&#8221;4.16&#8243; _module_preset=&#8221;default&#8221; max_width=&#8221;80%&#8221; module_alignment=&#8221;center&#8221; custom_padding=&#8221;20px||20px||true|false&#8221; border_color_right=&#8221;#c16632&#8243; border_color_bottom=&#8221;#c16632&#8243; global_colors_info=&#8221;{}&#8221;][et_pb_column type=&#8221;1_2&#8243; _builder_version=&#8221;4.16&#8243; _module_preset=&#8221;default&#8221; border_color_right=&#8221;#c16632&#8243; border_color_bottom=&#8221;#c16632&#8243; global_colors_info=&#8221;{}&#8221;][et_pb_text _builder_version=&#8221;4.16&#8243; _module_preset=&#8221;default&#8221; custom_margin=&#8221;||0px||false|false&#8221; custom_padding=&#8221;||0px||false|false&#8221; border_color_bottom=&#8221;#cccccc&#8221; global_colors_info=&#8221;{}&#8221;]<\/p>\n<p class=\"contact\"><span style=\"color: #700c17; font-size: 21px;\"><strong>Dao Huy-Linh<\/strong><\/span><br \/><span class=\"titre\" style=\"color: #777777;\">MCF, INALCO<\/span><br \/>Contact(s) : <a href=\"mailto:huy-linh.dao@inalco.fr\">huy-linh.dao@inalco.fr<\/a><\/p>\n<p><b>Mots-cl\u00e9s <\/b>: Syntaxe et interfaces en linguistique ; vietnamien; linguistique des langues d&#8217;Asie du Sud-Est et d&#8217;Asie Orientale ; Corpus oral et linguistique de l&#8217;oral ; didactique<br \/><strong>Aire g\u00e9ographique<\/strong> : Vietnam<br \/><strong>Disciplines<\/strong> : linguistique descriptive, comparative et interculturelle<br \/><strong>Axes de recherches<\/strong> : Linguistique g\u00e9n\u00e9rale, vietnamienne et fran\u00e7aise Syntaxe et ses interfaces (lexique, prosodie, discours) Morphosyntaxe et s\u00e9mantique compar\u00e9es des langues d&#8217;Asie Orientale (vietnamien, chinois, cor\u00e9en, japonais) Typologie linguistique et multilinguisme en Asie du Sud-Est Didactique du vietnamien langue \u00e9trang\u00e8re Corpus oral et syntaxe de l&#8217;oral<br \/><strong>Projet(s) D2iA<\/strong> :<\/p>\n<p><a href=\"https:\/\/cv.archives-ouvertes.fr\/huy-linh-dao\"><img loading=\"lazy\" decoding=\"async\" class=\"wp-image-476 alignnone size-medium\" src=\"https:\/\/d2ia.fr\/wp-content\/uploads\/2021\/07\/hal2jpeg-300x300.jpeg\" alt=\"\" width=\"40\" height=\"40\" \/><\/a> <a href=\"https:\/\/orcid.org\/0000-0001-5576-8808\"><img loading=\"lazy\" decoding=\"async\" class=\"wp-image-475 alignnone size-medium\" src=\"https:\/\/d2ia.fr\/wp-content\/uploads\/2021\/07\/768px-ORCID_iD.svg_-300x300.png\" alt=\"\" width=\"40\" height=\"40\" \/><\/a> <a href=\"https:\/\/www.linkedin.com\/in\/huy-linh-dao-26587722\/\"><img loading=\"lazy\" decoding=\"async\" class=\"wp-image-1044 alignnone size-medium\" src=\"https:\/\/d2ia.fr\/wp-content\/uploads\/2022\/01\/Linkedin-300x300.jpg\" alt=\"\" width=\"40\" height=\"40\" \/><\/a> <a href=\"http:\/\/www.inalco.fr\/enseignant-chercheur\/huy-linh-dao;%20https:\/\/sites.google.com\/view\/huylinhdaohomepage\/accueil \"><img loading=\"lazy\" decoding=\"async\" class=\"wp-image-1043 alignnone size-medium\" src=\"https:\/\/d2ia.fr\/wp-content\/uploads\/2022\/01\/Website-300x300.jpg\" alt=\"\" width=\"40\" height=\"40\" \/><\/a><\/p>\n<p>[\/et_pb_text][\/et_pb_column][et_pb_column type=&#8221;1_2&#8243; _builder_version=&#8221;4.16&#8243; _module_preset=&#8221;default&#8221; border_color_right=&#8221;#c16632&#8243; border_color_bottom=&#8221;#c16632&#8243; global_colors_info=&#8221;{}&#8221;][et_pb_text _builder_version=&#8221;4.16&#8243; _module_preset=&#8221;default&#8221; custom_margin=&#8221;||0px||false|false&#8221; custom_padding=&#8221;||0px||false|false&#8221; border_color_bottom=&#8221;#cccccc&#8221; global_colors_info=&#8221;{}&#8221;]<\/p>\n<p class=\"contact\"><span style=\"color: #700c17; font-size: 21px;\"><strong>Do-Hurinville Danh-Tr\u00e0nh<\/strong><\/span><br \/><span class=\"titre\" style=\"color: #777777;\">PU, Universit\u00e9 de Franche-Comt\u00e9<\/span><br \/>Contact(s) : <a href=\"mailto:danh_thanh.do-hurinville@univ-fcomte.fr\">danh_thanh.do-hurinville@univ-fcomte.fr<\/a><\/p>\n<p><b>Mots-cl\u00e9s <\/b>: Linguistique g\u00e9n\u00e9rale, fran\u00e7aise et vietnamienne<br \/><strong>Aire g\u00e9ographique<\/strong> : Vietnam<br \/><strong>Disciplines<\/strong> : Linguistique g\u00e9n\u00e9rale et compar\u00e9e <br \/><strong>Axes de recherches<\/strong> : Linguistique g\u00e9n\u00e9rale, fran\u00e7aise et vietnamienne Description, Comparaison, Typologie, Mod\u00e9lisation Sructure informationnelle\u00a0; Parties du discours\u00a0; Changements linguistiques Traductologie (lexique, syntaxe, culture) <br \/><strong>Projet(s) D2iA<\/strong> :<\/p>\n<p><a href=\"https:\/\/www.researchgate.net\/profile\/Danh-Thanh-Do-Hurinville\"><img loading=\"lazy\" decoding=\"async\" class=\"wp-image-1045 alignnone size-medium\" src=\"https:\/\/d2ia.fr\/wp-content\/uploads\/2022\/01\/Researchgate-300x300.jpg\" alt=\"\" width=\"40\" height=\"40\" srcset=\"https:\/\/d2ia.fr\/wp-content\/uploads\/2022\/01\/Researchgate-300x300.jpg 300w, https:\/\/d2ia.fr\/wp-content\/uploads\/2022\/01\/Researchgate-150x150.jpg 150w, https:\/\/d2ia.fr\/wp-content\/uploads\/2022\/01\/Researchgate.jpg 392w\" sizes=\"(max-width: 40px) 100vw, 40px\" \/><\/a> <a href=\"https:\/\/www.linkedin.com\/in\/danh-th%C3%A0nh-do-hurinville-5a0b7217\/\"><img loading=\"lazy\" decoding=\"async\" class=\"wp-image-1044 alignnone size-medium\" src=\"https:\/\/d2ia.fr\/wp-content\/uploads\/2022\/01\/Linkedin-300x300.jpg\" alt=\"\" width=\"40\" height=\"40\" \/><\/a> <a href=\"http:\/\/elliadd.univ-fcomte.fr\/fiches\/DO-HURINVILLEDanh_Thanh%20\"><img loading=\"lazy\" decoding=\"async\" class=\"wp-image-1043 alignnone size-medium\" src=\"https:\/\/d2ia.fr\/wp-content\/uploads\/2022\/01\/Website-300x300.jpg\" alt=\"\" width=\"40\" height=\"40\" \/><\/a><\/p>\n<p>[\/et_pb_text][\/et_pb_column][\/et_pb_row][et_pb_row column_structure=&#8221;1_2,1_2&#8243; _builder_version=&#8221;4.16&#8243; _module_preset=&#8221;default&#8221; max_width=&#8221;80%&#8221; module_alignment=&#8221;center&#8221; custom_padding=&#8221;20px||20px||true|false&#8221; border_color_right=&#8221;#c16632&#8243; border_color_bottom=&#8221;#c16632&#8243; global_colors_info=&#8221;{}&#8221;][et_pb_column type=&#8221;1_2&#8243; _builder_version=&#8221;4.16&#8243; _module_preset=&#8221;default&#8221; border_color_right=&#8221;#c16632&#8243; border_color_bottom=&#8221;#c16632&#8243; global_colors_info=&#8221;{}&#8221;][et_pb_text _builder_version=&#8221;4.16&#8243; _module_preset=&#8221;default&#8221; custom_margin=&#8221;||0px||false|false&#8221; custom_padding=&#8221;||0px||false|false&#8221; border_color_bottom=&#8221;#cccccc&#8221; global_colors_info=&#8221;{}&#8221;]<\/p>\n<p class=\"contact\"><span style=\"color: #700c17; font-size: 21px;\"><strong>Kim-Gautier Miran<\/strong><\/span><br \/><span class=\"titre\" style=\"color: #777777;\">Ma\u00eetre de langue, Universit\u00e9 Paris Cit\u00e9<\/span><br \/>Contact(s) :\u00a0<a href=\"mailto:%20mirank@free.fr\">mirank@free.fr<\/a><\/p>\n<p><b>Mots-cl\u00e9s <\/b>:\u00a0Linguistique g\u00e9n\u00e9rale et cor\u00e9enne ; linguistique contrastive ; didactologie ; traduction juridique <br \/><strong>Aire g\u00e9ographique<\/strong> : Cor\u00e9e<br \/><strong>Disciplines<\/strong> : Linguistique et didactique<br \/><strong>Axes de recherches<\/strong> :\u00a0Langue et discours <br \/><strong>Projet(s) D2iA<\/strong> :<\/p>\n<p>[\/et_pb_text][\/et_pb_column][et_pb_column type=&#8221;1_2&#8243; _builder_version=&#8221;4.16&#8243; _module_preset=&#8221;default&#8221; border_color_right=&#8221;#c16632&#8243; border_color_bottom=&#8221;#c16632&#8243; global_colors_info=&#8221;{}&#8221;][et_pb_text _builder_version=&#8221;4.16&#8243; _module_preset=&#8221;default&#8221; custom_margin=&#8221;||0px||false|false&#8221; custom_padding=&#8221;||0px||false|false&#8221; border_color_bottom=&#8221;#cccccc&#8221; global_colors_info=&#8221;{}&#8221;]<\/p>\n<p class=\"contact\"><span style=\"color: #700c17; font-size: 21px;\"><strong>Kim-Vivier Minsung<\/strong><\/span><br \/><span class=\"titre\" style=\"color: #777777;\">Enseignante contractuelle, Universit\u00e9 Bordeaux Montaigne<\/span><br \/>Contact(s) : <a href=\"mailto:min-sung.vivier@u-bordeaux-montaigne.fr\">min-sung.vivier@u-bordeaux-montaigne.fr<\/a><\/p>\n<p><b>Mots-cl\u00e9s <\/b>: Plurilinguisme, didiactique du cor\u00e9en, \u00e9ducation interculturelle, intersubjectivit\u00e9, politique d&#8217;int\u00e9gration, langue et identit\u00e9<br \/><strong>Aire g\u00e9ographique<\/strong> : Cor\u00e9e \/ France<br \/><strong>Disciplines<\/strong> : Psychologie interculturelle, Didactique <br \/><strong>Axes de recherches<\/strong> : Description, Comparaison, Typologie, Mod\u00e9lisation<br \/><strong>Projet(s) D2iA<\/strong> :<\/p>\n<p>[\/et_pb_text][\/et_pb_column][\/et_pb_row][et_pb_row column_structure=&#8221;1_2,1_2&#8243; _builder_version=&#8221;4.16&#8243; _module_preset=&#8221;default&#8221; max_width=&#8221;80%&#8221; module_alignment=&#8221;center&#8221; custom_padding=&#8221;20px||20px||true|false&#8221; border_color_right=&#8221;#c16632&#8243; border_color_bottom=&#8221;#c16632&#8243; global_colors_info=&#8221;{}&#8221;][et_pb_column type=&#8221;1_2&#8243; _builder_version=&#8221;4.16&#8243; _module_preset=&#8221;default&#8221; border_color_right=&#8221;#c16632&#8243; border_color_bottom=&#8221;#c16632&#8243; global_colors_info=&#8221;{}&#8221;][et_pb_text _builder_version=&#8221;4.16&#8243; _module_preset=&#8221;default&#8221; custom_margin=&#8221;||0px||false|false&#8221; custom_padding=&#8221;||0px||false|false&#8221; border_color_bottom=&#8221;#cccccc&#8221; global_colors_info=&#8221;{}&#8221;]<\/p>\n<p class=\"contact\"><span style=\"color: #700c17; font-size: 21px;\"><strong>Labarbe Emmanuel<\/strong><\/span><br \/><span class=\"titre\" style=\"color: #777777;\">PRCE\/Docteur, Universit\u00e9 Bordeaux Montaigne<\/span><br \/>Contact(s) : <a href=\"mailto:emmanuel.labarbe@u-bordeaux-montaigne.fr\">emmanuel.labarbe@u-bordeaux-montaigne.fr<\/a><\/p>\n<p><b>Mots-cl\u00e9s <\/b>:<br \/><strong>Aire g\u00e9ographique<\/strong> : Chine, Japon, Asie orientale<br \/><strong>Disciplines<\/strong> :<br \/><strong>Axes de recherches<\/strong> :<br \/><strong>Projet(s) D2iA<\/strong> :<\/p>\n<p>[\/et_pb_text][\/et_pb_column][et_pb_column type=&#8221;1_2&#8243; _builder_version=&#8221;4.16&#8243; _module_preset=&#8221;default&#8221; border_color_right=&#8221;#c16632&#8243; border_color_bottom=&#8221;#c16632&#8243; global_colors_info=&#8221;{}&#8221;][et_pb_text _builder_version=&#8221;4.16&#8243; _module_preset=&#8221;default&#8221; custom_margin=&#8221;||0px||false|false&#8221; custom_padding=&#8221;||0px||false|false&#8221; border_color_bottom=&#8221;#cccccc&#8221; global_colors_info=&#8221;{}&#8221;]<\/p>\n<p class=\"contact\"><span style=\"color: #700c17; font-size: 21px;\"><strong>Labarde C\u00e9cile<\/strong><\/span><br \/><span class=\"titre\" style=\"color: #777777;\">Universit\u00e9 Bordeaux Montaigne<\/span><br \/>Contact(s) : <a href=\"mailto:cecile.labarde@u-bordeaux-montaigne.fr\">cecile.labarde@u-bordeaux-montaigne.fr<\/a><\/p>\n<p><b>Mots-cl\u00e9s <\/b>:<br \/><strong>Aire g\u00e9ographique<\/strong> : Chine<br \/><strong>Disciplines<\/strong> :<br \/><strong>Axes de recherches<\/strong> :<br \/><strong>Projet(s) D2iA<\/strong> :<\/p>\n<p>[\/et_pb_text][\/et_pb_column][\/et_pb_row][et_pb_row column_structure=&#8221;1_2,1_2&#8243; _builder_version=&#8221;4.16&#8243; _module_preset=&#8221;default&#8221; max_width=&#8221;80%&#8221; module_alignment=&#8221;center&#8221; custom_padding=&#8221;20px||20px||true|false&#8221; border_color_right=&#8221;#c16632&#8243; border_color_bottom=&#8221;#c16632&#8243; global_colors_info=&#8221;{}&#8221;][et_pb_column type=&#8221;1_2&#8243; _builder_version=&#8221;4.16&#8243; _module_preset=&#8221;default&#8221; border_color_right=&#8221;#c16632&#8243; border_color_bottom=&#8221;#c16632&#8243; global_colors_info=&#8221;{}&#8221;][et_pb_text _builder_version=&#8221;4.16&#8243; _module_preset=&#8221;default&#8221; custom_margin=&#8221;||0px||false|false&#8221; custom_padding=&#8221;||0px||false|false&#8221; border_color_bottom=&#8221;#cccccc&#8221; global_colors_info=&#8221;{}&#8221;]<\/p>\n<p class=\"contact\"><span style=\"color: #700c17; font-size: 21px;\"><strong>Labrune Laurence<\/strong><\/span><br \/><span class=\"titre\" style=\"color: #777777;\">PU, Universit\u00e9 Bordeaux Montaigne<\/span><br \/>Contact(s) : <a href=\"mailto:Laurence.Labrune@u-bordeaux-montaigne.fr\">laurence.labrune@u-bordeaux-montaigne.fr<\/a><\/p>\n<p><b>Mots-cl\u00e9s <\/b>: phonologie, Japon, Cor\u00e9e<br \/><strong>Aire g\u00e9ographique<\/strong> : Japon \/ Cor\u00e9e<br \/><strong>Disciplines<\/strong> : Linguistique<br \/><strong>Axes de recherches<\/strong> : Sructure informationnelle ; Parties du discours ;<br \/><strong>Projet(s) D2iA<\/strong> :<\/p>\n<p>[\/et_pb_text][\/et_pb_column][et_pb_column type=&#8221;1_2&#8243; _builder_version=&#8221;4.16&#8243; _module_preset=&#8221;default&#8221; border_color_right=&#8221;#c16632&#8243; border_color_bottom=&#8221;#c16632&#8243; global_colors_info=&#8221;{}&#8221;][et_pb_text _builder_version=&#8221;4.16&#8243; _module_preset=&#8221;default&#8221; custom_margin=&#8221;||0px||false|false&#8221; custom_padding=&#8221;||0px||false|false&#8221; border_color_bottom=&#8221;#cccccc&#8221; global_colors_info=&#8221;{}&#8221;]<\/p>\n<p class=\"contact\"><span style=\"color: #700c17; font-size: 21px;\"><strong>Loubes Jean-Paul<\/strong><\/span><br \/><span class=\"titre\" style=\"color: #777777;\">Ma\u00eetre assistant retrait\u00e9<\/span><br \/>Contact(s) : <a href=\"mailto:jploubes@wanadoo.fr\">jploubes@wanadoo.fr<\/a><\/p>\n<p><b>Mots-cl\u00e9s <\/b>:<br \/><strong>Aire g\u00e9ographique<\/strong> : Chine, Asie centrale<br \/><strong>Disciplines<\/strong> : Architecture, anthropologie<br \/><strong>Axes de recherches<\/strong> :<br \/><strong>Projet(s) D2iA<\/strong> :<\/p>\n<p><a href=\"https:\/\/jean-paul-loubes.jimdofree.com\/\"><img loading=\"lazy\" decoding=\"async\" class=\"wp-image-1043 alignnone size-medium\" src=\"https:\/\/d2ia.fr\/wp-content\/uploads\/2022\/01\/Website-300x300.jpg\" alt=\"\" width=\"40\" height=\"40\" \/><\/a><\/p>\n<p>[\/et_pb_text][\/et_pb_column][\/et_pb_row][et_pb_row column_structure=&#8221;1_2,1_2&#8243; _builder_version=&#8221;4.16&#8243; _module_preset=&#8221;default&#8221; max_width=&#8221;80%&#8221; module_alignment=&#8221;center&#8221; custom_padding=&#8221;20px||20px||true|false&#8221; border_color_right=&#8221;#c16632&#8243; border_color_bottom=&#8221;#c16632&#8243; global_colors_info=&#8221;{}&#8221;][et_pb_column type=&#8221;1_2&#8243; _builder_version=&#8221;4.16&#8243; _module_preset=&#8221;default&#8221; border_color_right=&#8221;#c16632&#8243; border_color_bottom=&#8221;#c16632&#8243; global_colors_info=&#8221;{}&#8221;][et_pb_text _builder_version=&#8221;4.16&#8243; _module_preset=&#8221;default&#8221; custom_margin=&#8221;||0px||false|false&#8221; custom_padding=&#8221;||0px||false|false&#8221; border_color_bottom=&#8221;#cccccc&#8221; global_colors_info=&#8221;{}&#8221;]<\/p>\n<p class=\"contact\"><span style=\"color: #700c17; font-size: 21px;\"><strong>L\u00e9vy Christine<\/strong><\/span><br \/><span class=\"titre\" style=\"color: #777777;\">MCF retrait\u00e9e<\/span><br \/>Contact(s) : <a href=\"mailto:levylundchristine@gmail.com\">levylundchristine@gmail.com<\/a><\/p>\n<p><b>Mots-cl\u00e9s <\/b>:<br \/><strong>Aire g\u00e9ographique<\/strong> : Japon<br \/><strong>Disciplines<\/strong> : Histoire,anthropologie, sociologie, \u00e9tudes de genre<br \/><strong>Axes de recherches<\/strong> : Changements linguistiques<br \/><strong>Projet(s) D2iA<\/strong> :<\/p>\n<p>&nbsp;<\/p>\n<p>[\/et_pb_text][\/et_pb_column][et_pb_column type=&#8221;1_2&#8243; _builder_version=&#8221;4.16&#8243; _module_preset=&#8221;default&#8221; border_color_right=&#8221;#c16632&#8243; border_color_bottom=&#8221;#c16632&#8243; global_colors_info=&#8221;{}&#8221;][et_pb_text _builder_version=&#8221;4.16&#8243; _module_preset=&#8221;default&#8221; custom_margin=&#8221;||0px||false|false&#8221; custom_padding=&#8221;||0px||false|false&#8221; border_color_bottom=&#8221;#cccccc&#8221; global_colors_info=&#8221;{}&#8221;]<\/p>\n<p class=\"contact\"><span style=\"color: #700c17; font-size: 21px;\"><strong>Magistry Pierre<\/strong><\/span><br \/><span style=\"color: #777777;\">Post-doctorant, Aix Marseille Universit\u00e9<\/span><br \/>Contact(s) : <a href=\"mailto:pierre.magistry@inalco.fr\">pierre.magistry@inalco.fr<\/a><\/p>\n<p><b>Mots-cl\u00e9s <\/b>:<br \/><strong>Aire g\u00e9ographique<\/strong> : Chine, Ta\u00efwan<br \/><strong>Disciplines<\/strong> : Sciences du langage, traitement automatique des langues (TAL)<br \/><strong>Axes de recherches<\/strong> : TAL pour les langues sinitiques, chinois classique et langues peu dot\u00e9es, r\u00e9seaux lexicaux<br \/><strong>Projet(s) D2iA<\/strong> :<\/p>\n<p><a href=\"cv.archives-ouvertes.fr\/pierre-magistry\"><img loading=\"lazy\" decoding=\"async\" class=\"wp-image-476 alignnone size-medium\" src=\"https:\/\/d2ia.fr\/wp-content\/uploads\/2021\/07\/hal2jpeg-300x300.jpeg\" alt=\"\" width=\"40\" height=\"40\" \/><\/a> <a href=\"https:\/\/orcid.org\/0000-0002-9296-8902\"><img loading=\"lazy\" decoding=\"async\" class=\"wp-image-475 alignnone size-medium\" src=\"https:\/\/d2ia.fr\/wp-content\/uploads\/2021\/07\/768px-ORCID_iD.svg_-300x300.png\" alt=\"\" width=\"40\" height=\"40\" \/><\/a> <a href=\"https:\/\/pierre.magistry.fr\"><img loading=\"lazy\" decoding=\"async\" class=\"wp-image-1043 alignnone size-medium\" src=\"https:\/\/d2ia.fr\/wp-content\/uploads\/2022\/01\/Website-300x300.jpg\" alt=\"\" width=\"40\" height=\"40\" \/><\/a><\/p>\n<p>[\/et_pb_text][\/et_pb_column][\/et_pb_row][et_pb_row column_structure=&#8221;1_2,1_2&#8243; _builder_version=&#8221;4.16&#8243; _module_preset=&#8221;default&#8221; max_width=&#8221;80%&#8221; module_alignment=&#8221;center&#8221; custom_padding=&#8221;20px||20px||true|false&#8221; border_color_right=&#8221;#c16632&#8243; border_color_bottom=&#8221;#c16632&#8243; global_colors_info=&#8221;{}&#8221;][et_pb_column type=&#8221;1_2&#8243; _builder_version=&#8221;4.16&#8243; _module_preset=&#8221;default&#8221; border_color_right=&#8221;#c16632&#8243; border_color_bottom=&#8221;#c16632&#8243; global_colors_info=&#8221;{}&#8221;][et_pb_text _builder_version=&#8221;4.16&#8243; _module_preset=&#8221;default&#8221; custom_margin=&#8221;||0px||false|false&#8221; custom_padding=&#8221;||0px||false|false&#8221; border_color_bottom=&#8221;#cccccc&#8221; global_colors_info=&#8221;{}&#8221;]<\/p>\n<p class=\"contact\"><span style=\"color: #700c17; font-size: 21px;\"><strong>Marius Kamala<\/strong><\/span><br \/><span class=\"titre\" style=\"color: #777777;\">MCF HDR, Universit\u00e9 Bordeaux Montaigne<\/span><br \/>Contact(s) : <a href=\"mailto:kamala.marius@u-bordeaux-montaigne.fr\">kamala.marius@u-bordeaux-montaigne.fr<\/a><\/p>\n<p><b>Mots-cl\u00e9s <\/b>:<br \/><strong>Aire g\u00e9ographique<\/strong> : Inde<br \/><strong>Disciplines<\/strong> : \u00e9tudes urbaines, g\u00e9ographie politique, gender studies, diaspora studies, postcolonial studies<br \/><strong>Axes de recherches<\/strong> :<br \/><strong>Projet(s) D2iA<\/strong> :<\/p>\n<p><a href=\"http:\/\/www.lam.sciencespobordeaux.fr\/fr\/users\/kamala-marius\"><img loading=\"lazy\" decoding=\"async\" class=\"wp-image-1043 alignnone size-medium\" src=\"https:\/\/d2ia.fr\/wp-content\/uploads\/2022\/01\/Website-300x300.jpg\" alt=\"\" width=\"40\" height=\"40\" \/><\/a><\/p>\n<p>[\/et_pb_text][\/et_pb_column][et_pb_column type=&#8221;1_2&#8243; _builder_version=&#8221;4.16&#8243; _module_preset=&#8221;default&#8221; border_color_right=&#8221;#c16632&#8243; border_color_bottom=&#8221;#c16632&#8243; global_colors_info=&#8221;{}&#8221;][et_pb_text _builder_version=&#8221;4.16&#8243; _module_preset=&#8221;default&#8221; custom_margin=&#8221;||0px||false|false&#8221; custom_padding=&#8221;||0px||false|false&#8221; border_color_bottom=&#8221;#cccccc&#8221; global_colors_info=&#8221;{}&#8221;]<\/p>\n<p class=\"contact\"><span style=\"color: #700c17; font-size: 21px;\"><strong>Martin \u00c9l\u00e9onore<\/strong><\/span><br \/><span class=\"titre\" style=\"color: #777777;\">MCF, Universit\u00e9 Bordeaux Montaigne<\/span><br \/>Contact(s) : <a href=\"mailto:eleonore.martin@u-bordeaux-montaigne.fr\">eleonore.martin@u-bordeaux-montaigne.fr<\/a>\u00a0<\/p>\n<p><b>Mots-cl\u00e9s <\/b>:<br \/><strong>Aire g\u00e9ographique<\/strong> : Chine<br \/><strong>Disciplines<\/strong> : arts du spectacle, anthropologie\/ethnosc\u00e9nologie, sinologie<br \/><strong>Axes de recherches<\/strong> : Traductologie (lexique, syntaxe, culture)<br \/><strong>Projet(s) D2iA<\/strong> :<\/p>\n<p>&nbsp;<\/p>\n<p>[\/et_pb_text][\/et_pb_column][\/et_pb_row][et_pb_row column_structure=&#8221;1_2,1_2&#8243; _builder_version=&#8221;4.16&#8243; _module_preset=&#8221;default&#8221; max_width=&#8221;80%&#8221; module_alignment=&#8221;center&#8221; custom_padding=&#8221;20px||20px||true|false&#8221; border_color_right=&#8221;#c16632&#8243; border_color_bottom=&#8221;#c16632&#8243; global_colors_info=&#8221;{}&#8221;][et_pb_column type=&#8221;1_2&#8243; _builder_version=&#8221;4.16&#8243; _module_preset=&#8221;default&#8221; border_color_right=&#8221;#c16632&#8243; border_color_bottom=&#8221;#c16632&#8243; global_colors_info=&#8221;{}&#8221;][et_pb_text _builder_version=&#8221;4.16&#8243; _module_preset=&#8221;default&#8221; custom_margin=&#8221;||0px||false|false&#8221; custom_padding=&#8221;||0px||false|false&#8221; border_color_bottom=&#8221;#cccccc&#8221; global_colors_info=&#8221;{}&#8221;]<\/p>\n<p class=\"contact\"><span style=\"color: #700c17; font-size: 21px;\"><strong>Meyer \u00c9ric<\/strong><\/span><br \/><span class=\"titre\" style=\"color: #777777;\">Sp\u00e9cialiste<\/span><br \/>Contact(s) : <a href=\"mailto:eric.meyer.pekin@gmail.com\">eric.meyer.pekin@gmail.com<\/a><\/p>\n<p><strong>Mots-cl\u00e9s<\/strong> :<br \/><strong>Aire g\u00e9ographique<\/strong> : Chine, Asie Sud Est<br \/><strong>Disciplines<\/strong> : Sociologie, politologie, histoire, \u00e9conomie<br \/><strong>Axes de recherches<\/strong> : Gouvernance provinces, Tibet, Xinjiang, Hongkong, PCC, Autosuffisance<br \/><strong>Projet(s) D2iA<\/strong> :<br \/><strong>CV<\/strong> : <a href=\"https:\/\/d2ia.fr\/wp-content\/uploads\/2022\/01\/meyer-cv.pdf\">PDF<\/a><\/p>\n<p><a href=\"leventdelachine.com\"><img loading=\"lazy\" decoding=\"async\" class=\"wp-image-1043 alignnone size-medium\" src=\"https:\/\/d2ia.fr\/wp-content\/uploads\/2022\/01\/Website-300x300.jpg\" alt=\"\" width=\"40\" height=\"40\" \/><\/a><\/p>\n<p>[\/et_pb_text][\/et_pb_column][et_pb_column type=&#8221;1_2&#8243; _builder_version=&#8221;4.16&#8243; _module_preset=&#8221;default&#8221; border_color_right=&#8221;#c16632&#8243; border_color_bottom=&#8221;#c16632&#8243; global_colors_info=&#8221;{}&#8221;][et_pb_text _builder_version=&#8221;4.16&#8243; _module_preset=&#8221;default&#8221; custom_margin=&#8221;||0px||false|false&#8221; custom_padding=&#8221;||0px||false|false&#8221; border_color_bottom=&#8221;#cccccc&#8221; global_colors_info=&#8221;{}&#8221;]<\/p>\n<p class=\"contact\"><span style=\"color: #700c17; font-size: 21px;\"><strong>Nuraini Chandra<\/strong><\/span><br \/><span class=\"titre\" style=\"color: #777777;\">MCF, La Rochelle Universit\u00e9<\/span><br \/>Contact(s) : <a href=\"mailto:chandra.nuraini@univ-lr.fr\">chandra.nuraini@univ-lr.fr<\/a><\/p>\n<p><b>Mots-cl\u00e9s <\/b>:<br \/><strong>Aire g\u00e9ographique<\/strong> : Indon\u00e9sie<br \/><strong>Disciplines<\/strong> :<br \/><strong>Axes de recherches<\/strong> :\u00a0communaut\u00e9\u00a0Bajo<br \/><strong>Projet(s) D2iA<\/strong> :<\/p>\n<p>&nbsp;<\/p>\n<p>[\/et_pb_text][\/et_pb_column][\/et_pb_row][et_pb_row column_structure=&#8221;1_2,1_2&#8243; _builder_version=&#8221;4.16&#8243; _module_preset=&#8221;default&#8221; max_width=&#8221;80%&#8221; module_alignment=&#8221;center&#8221; custom_padding=&#8221;20px||20px||true|false&#8221; border_color_right=&#8221;#c16632&#8243; border_color_bottom=&#8221;#c16632&#8243; global_colors_info=&#8221;{}&#8221;][et_pb_column type=&#8221;1_2&#8243; _builder_version=&#8221;4.16&#8243; _module_preset=&#8221;default&#8221; border_color_right=&#8221;#c16632&#8243; border_color_bottom=&#8221;#c16632&#8243; global_colors_info=&#8221;{}&#8221;][et_pb_text _builder_version=&#8221;4.16&#8243; _module_preset=&#8221;default&#8221; custom_margin=&#8221;||0px||false|false&#8221; custom_padding=&#8221;||0px||false|false&#8221; border_color_bottom=&#8221;#cccccc&#8221; global_colors_info=&#8221;{}&#8221;]<\/p>\n<p class=\"contact\"><span style=\"color: #700c17; font-size: 21px;\"><strong>Pascal Catherine<\/strong><\/span><br \/><span class=\"titre\" style=\"color: #777777;\">MCF, Universit\u00e9 Bordeaux Montaigne<\/span><br \/>Contact(s) : <a href=\"mailto:catherine.pascal@u-bordeaux-montaigne.fr\">catherine.pascal@u-bordeaux-montaigne.fr\u00a0<\/a>\u00a0<\/p>\n<p><b>Mots-cl\u00e9s <\/b>: Etat, institutions, ordre juridique, normes, r\u00e9forme, comparaison, doctrines<br \/><strong>Aire g\u00e9ographique<\/strong> : Europe, Asie<br \/><strong>Disciplines<\/strong> : Sciences Information Communication <br \/><strong>Axes de recherches<\/strong> : Num\u00e9rique Europe- Asie, m\u00e9diations, m\u00e9diatisations, id\u00e9ologies, repr\u00e9sentations <br \/><strong>Projet(s) D2iA<\/strong> :<\/p>\n<p><a href=\"https:\/\/cv.archives-ouvertes.fr\/109972\"><img loading=\"lazy\" decoding=\"async\" class=\"wp-image-476 alignnone size-medium\" src=\"https:\/\/d2ia.fr\/wp-content\/uploads\/2021\/07\/hal2jpeg-300x300.jpeg\" alt=\"\" width=\"40\" height=\"40\" \/><\/a> <a href=\"https:\/\/u-bordeaux3.academia.edu\/CatherinePascal\"><img loading=\"lazy\" decoding=\"async\" class=\"wp-image-1046 alignnone size-full\" src=\"https:\/\/d2ia.fr\/wp-content\/uploads\/2022\/01\/Academia.jpg\" alt=\"\" width=\"40\" height=\"40\" srcset=\"https:\/\/d2ia.fr\/wp-content\/uploads\/2022\/01\/Academia.jpg 218w, https:\/\/d2ia.fr\/wp-content\/uploads\/2022\/01\/Academia-150x150.jpg 150w\" sizes=\"(max-width: 40px) 100vw, 40px\" \/><\/a> <a href=\"https:\/\/www.researchgate.net\/profile\/Catherine-Pascal\"><img loading=\"lazy\" decoding=\"async\" class=\"wp-image-1045 alignnone size-medium\" src=\"https:\/\/d2ia.fr\/wp-content\/uploads\/2022\/01\/Researchgate-300x300.jpg\" alt=\"\" width=\"40\" height=\"40\" srcset=\"https:\/\/d2ia.fr\/wp-content\/uploads\/2022\/01\/Researchgate-300x300.jpg 300w, https:\/\/d2ia.fr\/wp-content\/uploads\/2022\/01\/Researchgate-150x150.jpg 150w, https:\/\/d2ia.fr\/wp-content\/uploads\/2022\/01\/Researchgate.jpg 392w\" sizes=\"(max-width: 40px) 100vw, 40px\" \/><\/a> <a href=\"https:\/\/fr.linkedin.com\/in\/catherine-pascal-40724822\"><img loading=\"lazy\" decoding=\"async\" class=\"wp-image-1044 alignnone size-medium\" src=\"https:\/\/d2ia.fr\/wp-content\/uploads\/2022\/01\/Linkedin-300x300.jpg\" alt=\"\" width=\"40\" height=\"40\" \/><\/a><\/p>\n<p>[\/et_pb_text][\/et_pb_column][et_pb_column type=&#8221;1_2&#8243; _builder_version=&#8221;4.16&#8243; _module_preset=&#8221;default&#8221; border_color_right=&#8221;#c16632&#8243; border_color_bottom=&#8221;#c16632&#8243; global_colors_info=&#8221;{}&#8221;][et_pb_text _builder_version=&#8221;4.16&#8243; _module_preset=&#8221;default&#8221; custom_margin=&#8221;||0px||false|false&#8221; custom_padding=&#8221;||0px||false|false&#8221; border_color_bottom=&#8221;#cccccc&#8221; global_colors_info=&#8221;{}&#8221;]<\/p>\n<p class=\"contact\"><span style=\"color: #700c17; font-size: 21px;\"><strong>Rim Joung-eun<\/strong><\/span><br \/><span class=\"titre\" style=\"color: #777777;\">MCF, Aix Marseille Universit\u00e9<\/span><br \/>Contact(s) : <a href=\"mailto:joungeun.rim@univ-amu.fr\">joungeun.rim@univ-amu.fr<\/a><\/p>\n<p><b>Mots-cl\u00e9s <\/b>: Soci\u00e9t\u00e9 contemporaine sud-cor\u00e9enne, sociolinguistique, langue et soci\u00e9t\u00e9, pratique langagi\u00e8re, changement social\/soci\u00e9tal<br \/><strong>Aire g\u00e9ographique<\/strong> : Cor\u00e9e du Sud<br \/><strong>Disciplines<\/strong> : Science du langage, Sociolinguistique, Didactique des langues et des cultures<br \/><strong>Axes de recherches<\/strong> : (Socio)linguistique, didactique du cor\u00e9en <br \/><strong>Projet(s) D2iA<\/strong> :<\/p>\n<p>&nbsp;<\/p>\n<p>[\/et_pb_text][\/et_pb_column][\/et_pb_row][et_pb_row column_structure=&#8221;1_2,1_2&#8243; _builder_version=&#8221;4.16&#8243; _module_preset=&#8221;default&#8221; max_width=&#8221;80%&#8221; module_alignment=&#8221;center&#8221; custom_padding=&#8221;20px||20px||true|false&#8221; border_color_right=&#8221;#c16632&#8243; border_color_bottom=&#8221;#c16632&#8243; global_colors_info=&#8221;{}&#8221;][et_pb_column type=&#8221;1_2&#8243; _builder_version=&#8221;4.16&#8243; _module_preset=&#8221;default&#8221; border_color_right=&#8221;#c16632&#8243; border_color_bottom=&#8221;#c16632&#8243; global_colors_info=&#8221;{}&#8221;][et_pb_text _builder_version=&#8221;4.16&#8243; _module_preset=&#8221;default&#8221; custom_margin=&#8221;||0px||false|false&#8221; custom_padding=&#8221;||0px||false|false&#8221; border_color_bottom=&#8221;#cccccc&#8221; global_colors_info=&#8221;{}&#8221;]<\/p>\n<p class=\"contact\"><span style=\"color: #700c17; font-size: 21px;\"><strong>Riv\u00e9 Marie-Orange<\/strong><\/span><br \/><span class=\"titre\" style=\"color: #777777;\">MCF, Universit\u00e9 de Paris<\/span><br \/>Contact(s) :<\/p>\n<p><strong>Mots-cl\u00e9s<\/strong> :<br \/><strong>Aire g\u00e9ographique<\/strong> :<br \/><strong>Disciplines<\/strong> :<br \/><strong>Axes de recherches<\/strong> :<br \/><strong>Projet(s) D2iA<\/strong> :<\/p>\n<p><img loading=\"lazy\" decoding=\"async\" class=\"wp-image-476 alignnone size-medium\" src=\"https:\/\/d2ia.fr\/wp-content\/uploads\/2021\/07\/hal2jpeg-300x300.jpeg\" alt=\"\" width=\"40\" height=\"40\" \/><\/p>\n<p>[\/et_pb_text][\/et_pb_column][et_pb_column type=&#8221;1_2&#8243; _builder_version=&#8221;4.16&#8243; _module_preset=&#8221;default&#8221; border_color_right=&#8221;#c16632&#8243; border_color_bottom=&#8221;#c16632&#8243; global_colors_info=&#8221;{}&#8221;][et_pb_text _builder_version=&#8221;4.16&#8243; _module_preset=&#8221;default&#8221; custom_margin=&#8221;||0px||false|false&#8221; custom_padding=&#8221;||0px||false|false&#8221; border_color_bottom=&#8221;#cccccc&#8221; global_colors_info=&#8221;{}&#8221;]<\/p>\n<p class=\"contact\"><span style=\"color: #700c17; font-size: 21px;\"><strong>Rueda Fr\u00e9d\u00e9rique<\/strong><\/span><br \/><span class=\"titre\" style=\"color: #777777;\">PU, Universit\u00e9 de Bordeaux<\/span><br \/>Contact(s) : <a href=\"mailto:frederique.rueda@u-bordeaux.fr\">frederique.rueda@u-bordeaux.fr<\/a><\/p>\n<p><strong>Mots-cl\u00e9s<\/strong> : Etat, institutions, ordre juridique, normes, r\u00e9forme, comparaison, doctrines<br \/><strong>Aire g\u00e9ographique<\/strong> : Chine<br \/><strong>Disciplines<\/strong> : Droit constitutionnel et institutions politiques, pens\u00e9e politique, droit compar\u00e9, m\u00e9thode comparative<br \/><strong>Axes de recherches<\/strong> : Organisation institutionnelle, ordre juridique et normativit\u00e9, r\u00e9formes juridiques et institutionnelles, doctrines du pouvoir<br \/><strong>Projet(s) D2iA<\/strong> :<\/p>\n<p><a href=\"https:\/\/orcid.org\/0000-0002-8708-8791\"><img loading=\"lazy\" decoding=\"async\" class=\"wp-image-475 alignnone size-medium\" src=\"https:\/\/d2ia.fr\/wp-content\/uploads\/2021\/07\/768px-ORCID_iD.svg_-300x300.png\" alt=\"\" width=\"40\" height=\"40\" \/><\/a> <a href=\"https:\/\/univ-bordeaux.academia.edu\/FrederiqueRuedaDespouey\"><img loading=\"lazy\" decoding=\"async\" class=\"wp-image-1046 alignnone size-full\" src=\"https:\/\/d2ia.fr\/wp-content\/uploads\/2022\/01\/Academia.jpg\" alt=\"\" width=\"40\" height=\"40\" srcset=\"https:\/\/d2ia.fr\/wp-content\/uploads\/2022\/01\/Academia.jpg 218w, https:\/\/d2ia.fr\/wp-content\/uploads\/2022\/01\/Academia-150x150.jpg 150w\" sizes=\"(max-width: 40px) 100vw, 40px\" \/><\/a> <a href=\"https:\/\/www.researchgate.net\/profile\/Frederique-Rueda-Despouey\"><img loading=\"lazy\" decoding=\"async\" class=\"wp-image-1045 alignnone size-medium\" src=\"https:\/\/d2ia.fr\/wp-content\/uploads\/2022\/01\/Researchgate-300x300.jpg\" alt=\"\" width=\"40\" height=\"40\" srcset=\"https:\/\/d2ia.fr\/wp-content\/uploads\/2022\/01\/Researchgate-300x300.jpg 300w, https:\/\/d2ia.fr\/wp-content\/uploads\/2022\/01\/Researchgate-150x150.jpg 150w, https:\/\/d2ia.fr\/wp-content\/uploads\/2022\/01\/Researchgate.jpg 392w\" sizes=\"(max-width: 40px) 100vw, 40px\" \/><\/a> <a href=\"https:\/\/www.linkedin.com\/in\/fr\u00e9d\u00e9rique-rueda-6562a83a\/\"><img loading=\"lazy\" decoding=\"async\" class=\"wp-image-1044 alignnone size-medium\" src=\"https:\/\/d2ia.fr\/wp-content\/uploads\/2022\/01\/Linkedin-300x300.jpg\" alt=\"\" width=\"40\" height=\"40\" \/><\/a><\/p>\n<p>[\/et_pb_text][\/et_pb_column][\/et_pb_row][et_pb_row column_structure=&#8221;1_2,1_2&#8243; _builder_version=&#8221;4.16&#8243; _module_preset=&#8221;default&#8221; max_width=&#8221;80%&#8221; module_alignment=&#8221;center&#8221; custom_padding=&#8221;20px||20px||true|false&#8221; border_color_right=&#8221;#c16632&#8243; border_color_bottom=&#8221;#c16632&#8243; global_colors_info=&#8221;{}&#8221;][et_pb_column type=&#8221;1_2&#8243; _builder_version=&#8221;4.16&#8243; _module_preset=&#8221;default&#8221; border_color_right=&#8221;#c16632&#8243; border_color_bottom=&#8221;#c16632&#8243; global_colors_info=&#8221;{}&#8221;][et_pb_text _builder_version=&#8221;4.16&#8243; _module_preset=&#8221;default&#8221; custom_margin=&#8221;||0px||false|false&#8221; custom_padding=&#8221;||0px||false|false&#8221; border_color_bottom=&#8221;#cccccc&#8221; global_colors_info=&#8221;{}&#8221;]<\/p>\n<p class=\"contact\"><span style=\"color: #700c17; font-size: 21px;\"><strong>Son Hyunjung<\/strong><\/span><br \/><span class=\"titre\" style=\"color: #777777;\">Associate professor, Yonsei University (South Korea)<\/span><br \/>Contact(s) : <a href=\"mailto:sonhj@yonsei.ac.kr\">sonhj@yonsei.ac.kr<\/a><\/p>\n<p><strong>Mots-cl\u00e9s<\/strong> :<br \/><strong>Aire g\u00e9ographique<\/strong> : Cor\u00e9en \/ France<br \/><strong>Disciplines<\/strong> : Linguistique contrastive fran\u00e7ais \/ cor\u00e9en<br \/><strong>Axes de recherches<\/strong> : Marqueurs du temps et de l&#8217;aspect, connecteurs du cor\u00e9en et du fran\u00e7ais, approche contrastive. N\u00e9ologisme, lexicologie. S\u00e9mantique et morphosyntaxe.<br \/><strong>Projet(s) D2iA<\/strong> :<\/p>\n<p>&nbsp;<\/p>\n<p>[\/et_pb_text][\/et_pb_column][et_pb_column type=&#8221;1_2&#8243; _builder_version=&#8221;4.16&#8243; _module_preset=&#8221;default&#8221; border_color_right=&#8221;#c16632&#8243; border_color_bottom=&#8221;#c16632&#8243; global_colors_info=&#8221;{}&#8221;][et_pb_text _builder_version=&#8221;4.16&#8243; _module_preset=&#8221;default&#8221; custom_margin=&#8221;||0px||false|false&#8221; custom_padding=&#8221;||0px||false|false&#8221; border_color_bottom=&#8221;#cccccc&#8221; global_colors_info=&#8221;{}&#8221;]<\/p>\n<p class=\"contact\"><span style=\"color: #700c17; font-size: 21px;\"><strong>Vendassi Pierre<\/strong><\/span><br \/><span class=\"titre\" style=\"color: #777777;\">Chercheur associ\u00e9, D2iA<\/span><br \/>Contact(s) : <a href=\"mailto:pierrevendassi@sciencespo.fr\">pierrevendassi@sciencespo.fr<\/a><\/p>\n<p><b>Mots-cl\u00e9s <\/b>: sociologie, religion, conversion, christiansime, mormonsime, chine, transnational, interculturalit\u00e9<br \/><strong>Aire g\u00e9ographique<\/strong> : Chine, France <br \/><strong>Disciplines<\/strong> : Sociologie<br \/><strong>Axes de recherches<\/strong> : Christianisme en Chine, Mormonisme, Dynamiques transnationales du religieux<br \/><strong>Projet(s) D2iA<\/strong> :<\/p>\n<p><a href=\"https:\/\/independent.academia.edu\/PierreVendassi\"><img loading=\"lazy\" decoding=\"async\" class=\"wp-image-1046 alignnone size-full\" src=\"https:\/\/d2ia.fr\/wp-content\/uploads\/2022\/01\/Academia.jpg\" alt=\"\" width=\"40\" height=\"40\" srcset=\"https:\/\/d2ia.fr\/wp-content\/uploads\/2022\/01\/Academia.jpg 218w, https:\/\/d2ia.fr\/wp-content\/uploads\/2022\/01\/Academia-150x150.jpg 150w\" sizes=\"(max-width: 40px) 100vw, 40px\" \/><\/a> <a href=\"https:\/\/www.linkedin.com\/in\/pierre-vendassi-b6404152\/\"><img loading=\"lazy\" decoding=\"async\" class=\"wp-image-1044 alignnone size-medium\" src=\"https:\/\/d2ia.fr\/wp-content\/uploads\/2022\/01\/Linkedin-300x300.jpg\" alt=\"\" width=\"40\" height=\"40\" \/><\/a><\/p>\n<p>[\/et_pb_text][\/et_pb_column][\/et_pb_row][et_pb_row column_structure=&#8221;1_2,1_2&#8243; _builder_version=&#8221;4.16&#8243; _module_preset=&#8221;default&#8221; max_width=&#8221;80%&#8221; module_alignment=&#8221;center&#8221; custom_padding=&#8221;20px||20px||true|false&#8221; border_color_right=&#8221;#c16632&#8243; border_color_bottom=&#8221;#c16632&#8243; global_colors_info=&#8221;{}&#8221;][et_pb_column type=&#8221;1_2&#8243; _builder_version=&#8221;4.16&#8243; _module_preset=&#8221;default&#8221; border_color_right=&#8221;#c16632&#8243; border_color_bottom=&#8221;#c16632&#8243; global_colors_info=&#8221;{}&#8221;][et_pb_text _builder_version=&#8221;4.16&#8243; _module_preset=&#8221;default&#8221; custom_margin=&#8221;||0px||false|false&#8221; custom_padding=&#8221;||0px||false|false&#8221; border_color_bottom=&#8221;#cccccc&#8221; global_colors_info=&#8221;{}&#8221;]<\/p>\n<p class=\"contact\"><span style=\"color: #700c17; font-size: 21px;\"><strong>Veyret Paul<\/strong><\/span><br \/><span class=\"titre\" style=\"color: #777777;\">MCF, Universit\u00e9 Bordeaux Montaigne<\/span><br \/>Contact(s) : <a href=\"mailto:paul.veyret@u-bordeaux-montaigne.fr\">paul.veyret@u-bordeaux-montaigne.fr<\/a><\/p>\n<p><strong>Mots-cl\u00e9s<\/strong> : litterature contemporaine du Pakistan, histoire contemporaine, sociopolitique<br \/><strong>Aire g\u00e9ographique<\/strong> : Pakistan, Cachemire<br \/><strong>Disciplines<\/strong> : litterature, histoire, geopolitique, sociopolitque <br \/><strong>Axes de recherches<\/strong> : &#8220;Unpacking Pakistan,&#8221; litterature contemporaine du Pakistan<br \/><strong>Projet(s) D2iA<\/strong> :<\/p>\n<p>&nbsp;<\/p>\n<p>[\/et_pb_text][\/et_pb_column][et_pb_column type=&#8221;1_2&#8243; _builder_version=&#8221;4.16&#8243; _module_preset=&#8221;default&#8221; border_color_right=&#8221;#c16632&#8243; border_color_bottom=&#8221;#c16632&#8243; global_colors_info=&#8221;{}&#8221;][et_pb_text _builder_version=&#8221;4.16&#8243; _module_preset=&#8221;default&#8221; custom_margin=&#8221;||0px||false|false&#8221; custom_padding=&#8221;||0px||false|false&#8221; border_color_bottom=&#8221;#cccccc&#8221; global_colors_info=&#8221;{}&#8221;]<\/p>\n<p class=\"contact\"><span style=\"color: #700c17; font-size: 21px;\"><strong>Winarsih Dwi<\/strong><\/span><br \/><span class=\"titre\" style=\"color: #777777;\">MCF, Charg\u00e9e de cours\/Docteure, La Rochelle Universit\u00e9<\/span><br \/>Contact(s) : <a href=\"mailto:dwi.winarsih@univ-lr.fr\">dwi.winarsih@univ-lr.fr<\/a><\/p>\n<p><b>Mots-cl\u00e9s <\/b>: \u00e9conomie<br \/><strong>Aire g\u00e9ographique<\/strong> :<br \/><strong>Disciplines<\/strong> : \u00e9comonie<br \/><strong>Axes de recherches<\/strong> :<br \/><strong>Projet(s) D2iA<\/strong> :<\/p>\n<p>[\/et_pb_text][\/et_pb_column][\/et_pb_row][et_pb_row column_structure=&#8221;1_2,1_2&#8243; _builder_version=&#8221;4.16&#8243; _module_preset=&#8221;default&#8221; max_width=&#8221;80%&#8221; module_alignment=&#8221;center&#8221; custom_padding=&#8221;20px||20px||true|false&#8221; border_color_right=&#8221;#c16632&#8243; border_color_bottom=&#8221;#c16632&#8243; global_colors_info=&#8221;{}&#8221;][et_pb_column type=&#8221;1_2&#8243; _builder_version=&#8221;4.16&#8243; _module_preset=&#8221;default&#8221; border_color_right=&#8221;#c16632&#8243; border_color_bottom=&#8221;#c16632&#8243; global_colors_info=&#8221;{}&#8221;][et_pb_text _builder_version=&#8221;4.16&#8243; _module_preset=&#8221;default&#8221; custom_margin=&#8221;||0px||false|false&#8221; custom_padding=&#8221;||0px||false|false&#8221; border_color_bottom=&#8221;#cccccc&#8221; global_colors_info=&#8221;{}&#8221;]<\/p>\n<p class=\"contact\"><span style=\"color: #700c17; font-size: 21px;\"><strong>Winkler Florence<\/strong><\/span><br \/><span class=\"titre\" style=\"color: #777777;\">PAST MCF, La Rochelle Universit\u00e9<\/span><br \/>Contact(s) : <a href=\"mailto:florence.winkler@univ-lr.fr\">florence.winkler@univ-lr.fr<\/a><\/p>\n<p><b>Mots-cl\u00e9s <\/b>: \u00e9conomie, relations commerciales, int\u00e9gration r\u00e9gionale, coop\u00e9ration<br \/><strong>Aire g\u00e9ographique<\/strong> : Chine, ASEAN<br \/><strong>Disciplines<\/strong> : economie, geopolitique, strat\u00e9gies d&#8217;internationalisation<br \/><strong>Axes de recherches<\/strong> : relations commerciales Chine\/ASEAN, int\u00e9gration et cooperation inter-asiatique, impact sur les strat\u00e9gies des entreprises fran\u00e7aises<br \/><strong>Projet(s) D2iA<\/strong> :<\/p>\n<p><a href=\"https:\/\/www.linkedin.com\/in\/winkler-florence-021a9819\"><img loading=\"lazy\" decoding=\"async\" class=\"wp-image-1044 alignnone size-medium\" src=\"https:\/\/d2ia.fr\/wp-content\/uploads\/2022\/01\/Linkedin-300x300.jpg\" alt=\"\" width=\"40\" height=\"40\" \/><\/a><\/p>\n<p>[\/et_pb_text][\/et_pb_column][et_pb_column type=&#8221;1_2&#8243; _builder_version=&#8221;4.16&#8243; _module_preset=&#8221;default&#8221; border_color_right=&#8221;#c16632&#8243; border_color_bottom=&#8221;#c16632&#8243; global_colors_info=&#8221;{}&#8221;][\/et_pb_column][\/et_pb_row][et_pb_row column_structure=&#8221;1_2,1_2&#8243; _builder_version=&#8221;4.16&#8243; _module_preset=&#8221;default&#8221; max_width=&#8221;80%&#8221; module_alignment=&#8221;center&#8221; custom_padding=&#8221;20px||20px||true|false&#8221; border_color_right=&#8221;#c16632&#8243; border_color_bottom=&#8221;#c16632&#8243; global_colors_info=&#8221;{}&#8221;][et_pb_column type=&#8221;1_2&#8243; _builder_version=&#8221;4.16&#8243; _module_preset=&#8221;default&#8221; border_color_right=&#8221;#c16632&#8243; border_color_bottom=&#8221;#c16632&#8243; global_colors_info=&#8221;{}&#8221;][\/et_pb_column][et_pb_column type=&#8221;1_2&#8243; _builder_version=&#8221;4.16&#8243; _module_preset=&#8221;default&#8221; border_color_right=&#8221;#c16632&#8243; border_color_bottom=&#8221;#c16632&#8243; global_colors_info=&#8221;{}&#8221;][\/et_pb_column][\/et_pb_row][\/et_pb_section][et_pb_section fb_built=&#8221;1&#8243; admin_label=&#8221;Contact Form Section&#8221; module_id=&#8221;contact&#8221; _builder_version=&#8221;4.14.6&#8243; background_color=&#8221;#fcfcfc&#8221; custom_padding=&#8221;0px||0px|||&#8221; animation_direction=&#8221;bottom&#8221; global_module=&#8221;698&#8243; saved_tabs=&#8221;all&#8221; global_colors_info=&#8221;{}&#8221;][et_pb_row column_structure=&#8221;1_2,1_2&#8243; admin_label=&#8221;Contact Form&#8221; _builder_version=&#8221;4.16&#8243; max_width=&#8221;80%&#8221; custom_padding=&#8221;||20px||false|false&#8221; animation_style=&#8221;fade&#8221; global_colors_info=&#8221;{}&#8221;][et_pb_column type=&#8221;1_2&#8243; _builder_version=&#8221;4.16&#8243; _module_preset=&#8221;default&#8221; global_colors_info=&#8221;{}&#8221;][et_pb_image src=&#8221;https:\/\/d2ia.fr\/wp-content\/uploads\/2021\/09\/1280px-Universite_bordeaux-montaigne_2014_logo.svg_.png&#8221; title_text=&#8221;1280px-Universite_bordeaux-montaigne_2014_logo.svg&#8221; show_bottom_space=&#8221;off&#8221; _builder_version=&#8221;4.17.4&#8243; _module_preset=&#8221;default&#8221; width=&#8221;40%&#8221; module_alignment=&#8221;center&#8221; global_colors_info=&#8221;{}&#8221;][\/et_pb_image][et_pb_text _builder_version=&#8221;4.16&#8243; link_font=&#8221;|||||||#fcd21d|double&#8221; header_font=&#8221;Montserrat||||&#8221; header_4_font=&#8221;|700|||||||&#8221; header_4_font_size=&#8221;22px&#8221; header_4_line_height=&#8221;1.9em&#8221; global_colors_info=&#8221;{}&#8221;]<\/p>\n<p style=\"text-align: center;\">Maison de la Recherche &#8211; Bureau n\u00b08<br \/>Domaine Universitaire, Esplanade des Antilles &#8211; 33607 Pessac<br \/><a href=\"mailto:d2ia@u-bordeaux-montaigne.fr\">d2ia@u-bordeaux-montaigne.fr<\/a>\u00a0<br \/>(+33)5 57 12 60 98 | (+33)5 57 12 68 45<\/p>\n<p>[\/et_pb_text][\/et_pb_column][et_pb_column type=&#8221;1_2&#8243; _builder_version=&#8221;4.16&#8243; _module_preset=&#8221;default&#8221; global_colors_info=&#8221;{}&#8221;][et_pb_image src=&#8221;https:\/\/d2ia.fr\/wp-content\/uploads\/2021\/09\/larochelle.png&#8221; title_text=&#8221;larochelle&#8221; show_bottom_space=&#8221;off&#8221; align=&#8221;center&#8221; _builder_version=&#8221;4.16&#8243; _module_preset=&#8221;default&#8221; width=&#8221;40%&#8221; custom_margin=&#8221;||13px||false|false&#8221; global_colors_info=&#8221;{}&#8221;][\/et_pb_image][et_pb_text _builder_version=&#8221;4.16&#8243; link_font=&#8221;|||||||#fcd21d|double&#8221; header_font=&#8221;Montserrat||||&#8221; header_4_font=&#8221;|700|||||||&#8221; header_4_font_size=&#8221;22px&#8221; header_4_line_height=&#8221;1.9em&#8221; global_colors_info=&#8221;{}&#8221;]<\/p>\n<p style=\"text-align: center;\">Maison de l&#8217;International<br \/>1 parvis Fernand Braudel &#8211; 17042 La Rochelle Cedex 1<br \/><a href=\"mailto:d2ia@u-bordeaux-montaigne.f\">d2ia@u-bordeaux-montaigne.fr<\/a>\u00a0<br \/>(+33)5 46 45 68 51<\/p>\n<p>[\/et_pb_text][\/et_pb_column][\/et_pb_row][et_pb_row _builder_version=&#8221;4.16&#8243; _module_preset=&#8221;default&#8221; custom_padding=&#8221;0px||20px||false|false&#8221; global_colors_info=&#8221;{}&#8221;][et_pb_column type=&#8221;4_4&#8243; _builder_version=&#8221;4.16&#8243; _module_preset=&#8221;default&#8221; global_colors_info=&#8221;{}&#8221;][et_pb_text _builder_version=&#8221;4.21.0&#8243; _module_preset=&#8221;default&#8221; global_colors_info=&#8221;{}&#8221;]<\/p>\n<p style=\"text-align: center;\">D2iA \u00a9 2023 &#8211; By <a href=\"https:\/\/digitalb8.com\/\">Digital B8<\/a> &#8211; Mentions L\u00e9gales<\/p>\n<p>[\/et_pb_text][\/et_pb_column][\/et_pb_row][\/et_pb_section]<\/p>\n","protected":false},"excerpt":{"rendered":"<p>D2iATeamPermanent MembersBai ZhiminAssociate Professor, La Rochelle Universit\u00e9Contact(s) : zhimin.bai@univ-lr.fr Keywords : diaspora, cultures in movement, Jesuits in ChinaGeographic zone : ChinaDiscipline : sinologyResearch Axes :D2iA project(s) :\u00a0Bellocq MaylisAssociate Professor, Universit\u00e9 Bordeaux MontaigneContact(s) : maylis.bellocq@u-bordeaux-montaigne.fr Keywords : Memory, cultural heritage, tourism, funerary rites, ShanghaiGeographic zone : China Discipline : Urban anthropology, ethnology Research Axes : Heritage [&hellip;]<\/p>\n","protected":false},"author":2,"featured_media":0,"parent":0,"menu_order":0,"comment_status":"closed","ping_status":"closed","template":"","meta":{"_et_pb_use_builder":"on","_et_pb_old_content":"","_et_gb_content_width":"","footnotes":""},"class_list":["post-1973","page","type-page","status-publish","hentry"],"_links":{"self":[{"href":"https:\/\/d2ia.fr\/en\/wp-json\/wp\/v2\/pages\/1973","targetHints":{"allow":["GET"]}}],"collection":[{"href":"https:\/\/d2ia.fr\/en\/wp-json\/wp\/v2\/pages"}],"about":[{"href":"https:\/\/d2ia.fr\/en\/wp-json\/wp\/v2\/types\/page"}],"author":[{"embeddable":true,"href":"https:\/\/d2ia.fr\/en\/wp-json\/wp\/v2\/users\/2"}],"replies":[{"embeddable":true,"href":"https:\/\/d2ia.fr\/en\/wp-json\/wp\/v2\/comments?post=1973"}],"version-history":[{"count":5,"href":"https:\/\/d2ia.fr\/en\/wp-json\/wp\/v2\/pages\/1973\/revisions"}],"predecessor-version":[{"id":2378,"href":"https:\/\/d2ia.fr\/en\/wp-json\/wp\/v2\/pages\/1973\/revisions\/2378"}],"wp:attachment":[{"href":"https:\/\/d2ia.fr\/en\/wp-json\/wp\/v2\/media?parent=1973"}],"curies":[{"name":"wp","href":"https:\/\/api.w.org\/{rel}","templated":true}]}}